{"version":"1.0","provider_name":"Soci\u00e9t\u00e9 de plantation, histoire et m\u00e9moires de l\u2019esclavage \u00e0 La R\u00e9union","provider_url":"https:\/\/www.portail-esclavage-reunion.fr\/en\/","author_name":"michelle galmar","author_url":"https:\/\/www.portail-esclavage-reunion.fr\/en\/author\/michelle\/","title":"Websites | Soci\u00e9t\u00e9 de plantation, histoire et m\u00e9moires de l\u2019esclavage \u00e0 La R\u00e9union","type":"rich","width":600,"height":338,"html":"<blockquote class=\"wp-embedded-content\" data-secret=\"PAh9d2INT2\"><a href=\"https:\/\/www.portail-esclavage-reunion.fr\/en\/documentaires\/memory-of-slavery\/websites\/\">Websites<\/a><\/blockquote><iframe sandbox=\"allow-scripts\" security=\"restricted\" src=\"https:\/\/www.portail-esclavage-reunion.fr\/en\/documentaires\/memory-of-slavery\/websites\/embed\/#?secret=PAh9d2INT2\" width=\"600\" height=\"338\" title=\"&#8220;Websites&#8221; &#8212; Soci\u00e9t\u00e9 de plantation, histoire et m\u00e9moires de l\u2019esclavage \u00e0 La R\u00e9union\" data-secret=\"PAh9d2INT2\" frameborder=\"0\" marginwidth=\"0\" marginheight=\"0\" scrolling=\"no\" class=\"wp-embedded-content\"><\/iframe><script type=\"text\/javascript\">\n\/* <![CDATA[ *\/\n\/*! This file is auto-generated *\/\n!function(d,l){\"use strict\";l.querySelector&&d.addEventListener&&\"undefined\"!=typeof URL&&(d.wp=d.wp||{},d.wp.receiveEmbedMessage||(d.wp.receiveEmbedMessage=function(e){var t=e.data;if((t||t.secret||t.message||t.value)&&!\/[^a-zA-Z0-9]\/.test(t.secret)){for(var s,r,n,a=l.querySelectorAll('iframe[data-secret=\"'+t.secret+'\"]'),o=l.querySelectorAll('blockquote[data-secret=\"'+t.secret+'\"]'),c=new RegExp(\"^https?:$\",\"i\"),i=0;i<o.length;i++)o[i].style.display=\"none\";for(i=0;i<a.length;i++)s=a[i],e.source===s.contentWindow&&(s.removeAttribute(\"style\"),\"height\"===t.message?(1e3<(r=parseInt(t.value,10))?r=1e3:~~r<200&&(r=200),s.height=r):\"link\"===t.message&&(r=new URL(s.getAttribute(\"src\")),n=new URL(t.value),c.test(n.protocol))&&n.host===r.host&&l.activeElement===s&&(d.top.location.href=t.value))}},d.addEventListener(\"message\",d.wp.receiveEmbedMessage,!1),l.addEventListener(\"DOMContentLoaded\",function(){for(var e,t,s=l.querySelectorAll(\"iframe.wp-embedded-content\"),r=0;r<s.length;r++)(t=(e=s[r]).getAttribute(\"data-secret\"))||(t=Math.random().toString(36).substring(2,12),e.src+=\"#?secret=\"+t,e.setAttribute(\"data-secret\",t)),e.contentWindow.postMessage({message:\"ready\",secret:t},\"*\")},!1)))}(window,document);\n\/* ]]> *\/\n<\/script>\n","thumbnail_url":"https:\/\/www.portail-esclavage-reunion.fr\/wp-content\/uploads\/2018\/12\/FRM1069_1956.00.21-lAfrique.jpg","thumbnail_width":1111,"thumbnail_height":800,"description":"Museums France Mus\u00e9e des Ducs de Bretagne, Nantes www.chateaunantes.fr Mus\u00e9e d\u2019Aquitaine, Bordeaux www.musee-aquitaine-bordeaux.fr Mus\u00e9e de la Compagnie des Indes de Lorient musee.lorient.bzh La Maison de la N\u00e9gritude \u00a0et des Droits de l&#8217;Homme de Champagney, Haute-Sa\u00f4ne www.maisondelanegritude.fr L&#8217;espace mus\u00e9ographique Victor Schoelcher, son oeuvre \u00e0 Fessenheim www.fessenheim.fr\/vie-communale\/services-communaux\/victor-schoelcher-son-oeuvre M\u00e9morial de l\u2019abolition de l\u2019esclavage de Nantes memorial.nantes.fr M\u00e9morial ACTe\u00a0: &hellip; Continue reading \"\""}