{"id":10203,"date":"2023-05-12T10:18:48","date_gmt":"2023-05-12T08:18:48","guid":{"rendered":"https:\/\/www.portail-esclavage-reunion.fr\/?post_type=documentaire&#038;p=10203"},"modified":"2023-06-20T12:27:28","modified_gmt":"2023-06-20T10:27:28","slug":"between-oblivion-and-memory-what-role-can-be-played-by-history","status":"publish","type":"documentaire","link":"https:\/\/www.portail-esclavage-reunion.fr\/en\/documentaires\/memory-of-slavery\/memories\/between-oblivion-and-memory-what-role-can-be-played-by-history\/","title":{"rendered":"Between oblivion and memory: what role can be played by History?"},"content":{"rendered":"<h2>In Reunion, the topic of the memory of slavery is often linked to the notions of silence, oblivion, amnesia, darkness and denial, which periodically rose to the surface, troubling the 20th December commemorations, organised in various forms from 1849<span class=\"NOTE_MARKER\" rel=\"0.264819031767906\" aria-label=\" Prosper Eve, Le 20 d\u00e9cembre 1848 et sa c\u00e9l\u00e9bration \u00e0 La R\u00e9union : du d\u00e9ni \u00e0 la r\u00e9habilitation (1848-1980) (The 20th December 1848 and its celebration: from denial to rehabilitation 1980), l\u2019Harmattan, 2000\">&nbsp;<\/span> until 1983. It was during these commemorations that would loom up in the public space the memory of something that was not the object of the celebration: slavery.<\/h2>\n<p>The 20th December celebrations were thus witness to what could not be narrated until the 1970s-1980s. On 30th June 1983, following the official recognition of the abolition of slavery and of homage for the victims of slavery, the collective appropriation phase saw the light of day. This past, rising to the surface in the public space 135 years after abolition, gives credit to the hypothesis of a narrative that had been hindered or made impossible, maintaining the oblivion far more effectively than a deliberate policy of amnesia. History and memory are transmitted by men and women, who evolve in ever-changing contexts.<\/p>\n<h3>Transmission in writing of the \u2018aristocratic<br \/>\nmemory\u2019<span class=\"NOTE_MARKER\" rel=\"0.1530255401477234\" aria-label=\"Hubert Gerbeau, L'esclavage et son ombre : l'\u00eele de Bourbon aux XIXe et XXe si\u00e8cles, Thesis defended in 2005, Aix-Marseille, p. 48\">&nbsp;<\/span><\/h3>\n<p>As written by Hubert Gerbeau, the narrative of the official memory of slavery, written by historians who were both \u201cjudges and the judged\u201d, transmitted an \u201caristocratic memory\u201d until the mid-20th century, as established below.<\/p>\n<h4>The myth of the colonial model<\/h4>\n<p>The narrative published by Georges Az\u00e9ma in 1862, <em>Histoire de l&#8217;\u00eele Bourbon depuis 1643 jusqu&#8217;au 20 d\u00e9cembre 1848<\/em><span class=\"NOTE_MARKER\" rel=\"0.7082615034151991\" aria-label=\"Georges Az\u00e9ma, Plon, 1862, see Chapter VI, Part IV, Source gallica.bnf.fr \/ BnF\">&nbsp;<\/span>, covers its main elements.<\/p>\n<figure id=\"attachment_9852\" aria-describedby=\"caption-attachment-9852\" style=\"width: 1051px\" class=\"wp-caption alignnone\"><a href=\"https:\/\/www.portail-esclavage-reunion.fr\/wp-content\/uploads\/2023\/02\/1994-6-3.jpg\" target=\"_blank\" rel=\"noopener\"><img loading=\"lazy\" decoding=\"async\" class=\"wp-image-9852 size-full\" src=\"https:\/\/www.portail-esclavage-reunion.fr\/wp-content\/uploads\/2023\/02\/1994-6-3.jpg\" alt=\"\" width=\"1051\" height=\"701\" srcset=\"https:\/\/www.portail-esclavage-reunion.fr\/wp-content\/uploads\/2023\/02\/1994-6-3.jpg 1051w, https:\/\/www.portail-esclavage-reunion.fr\/wp-content\/uploads\/2023\/02\/1994-6-3-300x200.jpg 300w, https:\/\/www.portail-esclavage-reunion.fr\/wp-content\/uploads\/2023\/02\/1994-6-3-768x512.jpg 768w, https:\/\/www.portail-esclavage-reunion.fr\/wp-content\/uploads\/2023\/02\/1994-6-3-1024x683.jpg 1024w\" sizes=\"auto, (max-width: 767px) 89vw, (max-width: 1000px) 54vw, (max-width: 1071px) 543px, 580px\" \/><\/a><figcaption id=\"caption-attachment-9852\" class=\"wp-caption-text\">Reunion island, French colony (Indian Ocean). V. Levasseur; engraving by A. Piat. Around 1848. Colour engraving.<br \/>Collection of Vill\u00e8le historical museum<\/figcaption><\/figure>\n<p>He traces the history of the setting up of the system of slavery, imposed by the French East India Company, holders of the privilege of the slave trade entrusted to them by Louis 14th, similarly to the other colonies. However, the refusal of the first slaves to carry out servile tasks necessitated the organisation of detachments aimed at hunting down the \u201cfugitives\u201d \u2013 not maroons \u2013 who represented a threat to the existence and the property of \u201cthe inhabitants\u201d. There follows the description of the <strong>model colony<\/strong>: product of a \u201cfusion\u201d between the \u201cformer Blacks\u201d with the Creoles and their \u201cinitiation into the morals of the Whites\u201d, living \u201cpeacefully in the midst of their slaves\u201d and giving each other \u201cmutual support\u201d. The enrolment of slaves, armed and disciplined, entrusted by Mah\u00e9 de Labourdonnais with the task of \u201cdefending the French flag, now become theirs\u201d, confirmed their devotion. The <strong>sweet state of slavery<\/strong> was mobilised to explain the rebellion that occurred in Saint Leu in 1811, caused by the arrival of the British. Since, he declared, the only example of any insurrection occurred in the early days of colonisation.<\/p>\n<p><figure id=\"attachment_3075\" aria-describedby=\"caption-attachment-3075\" style=\"width: 1000px\" class=\"wp-caption alignnone\"><a href=\"https:\/\/www.portail-esclavage-reunion.fr\/wp-content\/uploads\/2020\/08\/FRAD974_026_6_012.jpg\" target=\"_blank\" rel=\"noopener\"><img loading=\"lazy\" decoding=\"async\" class=\"wp-image-3075 size-full\" src=\"https:\/\/www.portail-esclavage-reunion.fr\/wp-content\/uploads\/2020\/08\/FRAD974_026_6_012.jpg\" alt=\"\" width=\"1000\" height=\"734\" srcset=\"https:\/\/www.portail-esclavage-reunion.fr\/wp-content\/uploads\/2020\/08\/FRAD974_026_6_012.jpg 1000w, https:\/\/www.portail-esclavage-reunion.fr\/wp-content\/uploads\/2020\/08\/FRAD974_026_6_012-300x220.jpg 300w, https:\/\/www.portail-esclavage-reunion.fr\/wp-content\/uploads\/2020\/08\/FRAD974_026_6_012-768x564.jpg 768w\" sizes=\"auto, (max-width: 767px) 89vw, (max-width: 1000px) 54vw, (max-width: 1071px) 543px, 580px\" \/><\/a><figcaption id=\"caption-attachment-3075\" class=\"wp-caption-text\">Volcanic eruption on Bourbon island, 8th September 1812; 5.30 in the afternoon, the summit of Piton Rouge. [Jean-Joseph Patu de Rosemont]. 1812. Watercolour. <br \/>Collection of Reunion departmental archives<\/figcaption><\/figure>The model colony made up the core of his novel,<em> No\u00eblla<\/em><span class=\"NOTE_MARKER\" rel=\"0.6296719459988518\" aria-label=\"G. Az\u00e9ma, No\u00eblla, 1864, \u00ab Source gallica.bnf.fr \/ BnF \u00bb\">&nbsp;<\/span>. In 1715, No\u00eblla\u2019s mother arrives on Bourbon island where she finds a society made up of simple settlers, carrying out work with their own hands in a spirit of solidarity. The presence of slaves is presented in a euphemistic manner: the heroine\u2019s mother indeed acquires two slaves, referred to using the familiar labels of <strong><em>n\u00e9naine<\/em> <\/strong>(nanny) and <em><strong>gar\u00e7on de cour<\/strong><\/em> (gardener), with the system of slavery being invisible throughout the narrative. The slaves are once more present at No\u00eblla\u2019s funeral, following \u201ctheir benefactor\u201d<span class=\"NOTE_MARKER\" rel=\"0.868650782300409\" aria-label=\"No\u00eblla, 1864, p. 132.\">&nbsp;<\/span> in tears. By thus depicting familiar figures of colonial domestic life, the author ignores the realities of slavery.<\/p>\n<p><figure id=\"attachment_421\" aria-describedby=\"caption-attachment-421\" style=\"width: 800px\" class=\"wp-caption alignnone\"><a href=\"https:\/\/www.portail-esclavage-reunion.fr\/wp-content\/uploads\/2018\/10\/ill-7b-frad974-26j16-nc-na-ne-assise-dans-l-herbe-avec-trois-enfants-web.jpg\" target=\"_blank\" rel=\"noopener\"><img loading=\"lazy\" decoding=\"async\" class=\"wp-image-421 size-full\" src=\"https:\/\/www.portail-esclavage-reunion.fr\/wp-content\/uploads\/2018\/10\/ill-7b-frad974-26j16-nc-na-ne-assise-dans-l-herbe-avec-trois-enfants-web.jpg\" alt=\"\" width=\"800\" height=\"598\" srcset=\"https:\/\/www.portail-esclavage-reunion.fr\/wp-content\/uploads\/2018\/10\/ill-7b-frad974-26j16-nc-na-ne-assise-dans-l-herbe-avec-trois-enfants-web.jpg 800w, https:\/\/www.portail-esclavage-reunion.fr\/wp-content\/uploads\/2018\/10\/ill-7b-frad974-26j16-nc-na-ne-assise-dans-l-herbe-avec-trois-enfants-web-300x224.jpg 300w, https:\/\/www.portail-esclavage-reunion.fr\/wp-content\/uploads\/2018\/10\/ill-7b-frad974-26j16-nc-na-ne-assise-dans-l-herbe-avec-trois-enfants-web-768x574.jpg 768w\" sizes=\"auto, (max-width: 767px) 89vw, (max-width: 1000px) 54vw, (max-width: 1071px) 543px, 580px\" \/><\/a><figcaption id=\"caption-attachment-421\" class=\"wp-caption-text\">[Time of rest on the estate: Nanny sitting on the grass with three children and two dogs]. <br \/>Jean-Joseph Patu de Rosemont. [1810]. Drawing. <br \/>Collection of Reunion departmental archives<\/figcaption><\/figure>This narrative, constructed by the slave-owners who became the actors of the barbaric system, was defended by de Vill\u00e8le and the members of the colonial Council in 1847.<span class=\"NOTE_MARKER\" rel=\"0.5112957424547087\" aria-label=\"Composition of the commission: Fitau, Deshayes, Sauger, Pajot, Desprez, de Saint Georges\">&nbsp;<\/span> The orator lets the settlers off the hook, declaring they \u201cdid not set up the system of slavery, but [they] were forced to undergo it\u201d; [he admits that] \u201c<em>it is a scourge inherited from the past and that only time can cure and heal.<\/em>\u201d <span class=\"NOTE_MARKER\" rel=\"0.282357956816498\" aria-label=\" Project of discourse in response to the speech given by the Governor, session of 1847, 122W669, ADR.\">&nbsp;<\/span><\/p>\n<p>The myth was initially aimed at literate persons and French public opinion and not at the Creole masses without access to the written culture. It was exploited by Fran\u00e7ois de Mahy for the aims of colonial expansion<span class=\"NOTE_MARKER\" rel=\"0.48780666802457096\" aria-label=\"Fran\u00e7ois de Mahy, L\u2019abolition de l\u2019esclavage dans les colonies fran\u00e7aises, (Abolition of slavery in the French colonies) PB 105, ADR,\">&nbsp;<\/span>. According to this member of the French parliament, slaves and their descendants becoming Creole and later French, then becoming \u201csons of the French territory\u201d, possessing equal parts of \u201cthe French soul and spirit\u201d, represented a laboratory of the assimilation ideology of the French Republic.<\/p>\n<h4>Absence of an alternative narrative<\/h4>\n<p>The narrative was made legitimate through the status of the written word; the low level of literacy in the population reduced the audience to a small circle which only expanded under the 3rd Republic. However, the offer of public readership, vector of the written culture, did not produce an alternative narrative on slavery, if we are to judge by the inventories carried out in the 21 public libraries on the island between 1907 and 1917<span class=\"NOTE_MARKER\" rel=\"0.23853660082545414\" aria-label=\"Biblioth\u00e8ques populaires (Public libraries), 4 T 2, ADR\">&nbsp;<\/span>. Two works treated the topic of slavery: <em>Uncle Tom\u2019s Cabin<\/em>, present in 5 collections and <em>Paul et Virginie<\/em>, present in 11 libraries, alongside works on Madagascar. The highly aesthetic presentation of slavery present in these two works was indeed not intended to awaken \u201cthe bitter memory of slavery\u201d<span class=\"NOTE_MARKER\" rel=\"0.38588585109587425\" aria-label=\"F. de Mahy, op.cit.\">&nbsp;<\/span>, but instead reinforced an extremely euphemistic vision of servile labour. As for Robinson Crusoe (found in nine collections) we can wonder if it gave legitimacy to the domination by the master \u2013 Robinson \u2013 over his servant Friday or whether it served to awake the consciences of the generation of militants during the years of the Popular Front.<\/p>\n<figure id=\"attachment_9861\" aria-describedby=\"caption-attachment-9861\" style=\"width: 1051px\" class=\"wp-caption alignnone\"><a href=\"https:\/\/www.portail-esclavage-reunion.fr\/wp-content\/uploads\/2023\/02\/2001-1-5.jpg\" target=\"_blank\" rel=\"noopener\"><img loading=\"lazy\" decoding=\"async\" class=\"wp-image-9861 size-full\" src=\"https:\/\/www.portail-esclavage-reunion.fr\/wp-content\/uploads\/2023\/02\/2001-1-5.jpg\" alt=\"\" width=\"1051\" height=\"717\" srcset=\"https:\/\/www.portail-esclavage-reunion.fr\/wp-content\/uploads\/2023\/02\/2001-1-5.jpg 1051w, https:\/\/www.portail-esclavage-reunion.fr\/wp-content\/uploads\/2023\/02\/2001-1-5-300x205.jpg 300w, https:\/\/www.portail-esclavage-reunion.fr\/wp-content\/uploads\/2023\/02\/2001-1-5-768x524.jpg 768w, https:\/\/www.portail-esclavage-reunion.fr\/wp-content\/uploads\/2023\/02\/2001-1-5-1024x699.jpg 1024w\" sizes=\"auto, (max-width: 767px) 89vw, (max-width: 1000px) 54vw, (max-width: 1071px) 543px, 580px\" \/><\/a><figcaption id=\"caption-attachment-9861\" class=\"wp-caption-text\">Changing the milk for Paul and Virginie. Michel Lambert, painter. Augustin Legrand, engraver. <br \/>19th century. Aquatint. <br \/>Collection of Vill\u00e8le historical museum<\/figcaption><\/figure>\n<p>Similarly, in the absence of cultural vectors able to recount their family experience, there existed no alternative narrative on slavery, for, unlike the Caribbean, Reunion did not produce an intellectual elite coming from the slaves emancipated in 1848. In fact, in the years between the two wars, while Paulette Narval, with the support of other intellectuals of African origin, was, not without ambiguity, sketching out Black internationalism and while in 1921, Ren\u00e9 Maran was awarded the prestigious French<em> prix Goncourt<\/em> literary prize for <em>Batouala<\/em>, a true novel of negritude, in 1924, Reunion produced the novel, <em>Ulysse, cafre ou l&#8217;histoire dor\u00e9e d&#8217;un Noir<\/em> (Ulysses, African, or the gilded story of a Black) by Marius an Ary Leblond, a perfect illustration of paternalism, avuncular ideology, advocating assimilation.<\/p>\n<p>Has the memory of slavery been lost, however?<\/p>\n<h3>The \u201cpatchwork\u201d of private memories<\/h3>\n<p>In reality, there is not one memory but there are many memories. Private and family memories, existing outside the written word, many and varied like a patchwork quilt and as mobile as the aristocratic memory, were transmitted in parallel from generation to generation. Like the traditional patchwork quilt, made up of scraps of fabric forming a heterogeneous assembly, these memories bear witness and narrate and are the pretext for recalling scraps of personal stories that are also scraps of History, brought back to life on 20th December.<\/p>\n<h4>La \u2018fet caf\u2019 (end of slavery) celebrated in secret<\/h4>\n<p>Indeed, abolition was celebrated in private circles<span class=\"NOTE_MARKER\" rel=\"0.25441031010761517\" aria-label=\"P. Eve, op.cit. \">&nbsp;<\/span>, with rituals set up associating Holy Mass, food, recollections of the sufferings of slavery and veneration of the ancestors. A police report issued in 1936 gives an account<span class=\"NOTE_MARKER\" rel=\"0.25441031010761517\" aria-label=\"Handwritten note from the governor\u2019s office, undated, 1M4045, ADR\">&nbsp;<\/span> relating the popular celebration held in Saint Denis by a certain certain Vincent Hibo, as in the preceding years. The authors of l\u2019Encyclop\u00e9die de La R\u00e9union published in 1981, confirm the survival of the memory of slavery both in Salazie and along the coast.<\/p>\n<figure id=\"attachment_9865\" aria-describedby=\"caption-attachment-9865\" style=\"width: 555px\" class=\"wp-caption alignnone\"><a href=\"https:\/\/www.portail-esclavage-reunion.fr\/wp-content\/uploads\/2023\/02\/Rant-dann-ron.jpg\" target=\"_blank\" rel=\"noopener\"><img loading=\"lazy\" decoding=\"async\" class=\"wp-image-9865 size-full\" src=\"https:\/\/www.portail-esclavage-reunion.fr\/wp-content\/uploads\/2023\/02\/Rant-dann-ron.jpg\" alt=\"\" width=\"555\" height=\"554\" srcset=\"https:\/\/www.portail-esclavage-reunion.fr\/wp-content\/uploads\/2023\/02\/Rant-dann-ron.jpg 555w, https:\/\/www.portail-esclavage-reunion.fr\/wp-content\/uploads\/2023\/02\/Rant-dann-ron-150x150.jpg 150w, https:\/\/www.portail-esclavage-reunion.fr\/wp-content\/uploads\/2023\/02\/Rant-dann-ron-300x300.jpg 300w, https:\/\/www.portail-esclavage-reunion.fr\/wp-content\/uploads\/2023\/02\/Rant-dann-ron-100x100.jpg 100w\" sizes=\"auto, (max-width: 555px) 100vw, 555px\" \/><\/a><figcaption id=\"caption-attachment-9865\" class=\"wp-caption-text\">Ron maloya, Saint Denis, February 2021. Jean-Marc Grenier. Photograph. <br \/>\u00a9 All rights reserved<\/figcaption><\/figure>\n<p>As a result, the two memories cohabitate together, the first taking advantage of the domination of the intellectual environment, the other existing underground and being openly expressed as from 1908, according to Prosper Eve.<\/p>\n<p><em>Le Progr\u00e8s<\/em> <span class=\"NOTE_MARKER\" rel=\"0.8926609095511009\" aria-label=\"1 PER 82\/7, ADR\">&nbsp;<\/span> dated 19 December 1917, quoted by the historian, gives a good summary of the strata of the process of memory according to the generations. The first was that of the \u201c<em>Black of 1848<\/em> [\u2026] <em>never daring to boast of this extraction, if we may say so, or to declare this starting point of his civil status<\/em> [the expression having left such an important mark], <em>the disdain for the inferior morality naturally resulting from these origins<\/em> [\u2026] <em>An emancipated Black was inferior to another Black.<\/em>\u201d<\/p>\n<p>The Second Empire and the start of the 3rd Republic saw the arrival of a second generation, who had witnessed the silence of their elders and their attempt at integration. That of 1908, the third generation, claiming recognition for \u2018<em>la f\u00eat caf<\/em>\u2019 (celebration of Abolition), requested recognition of a slavery still existed.<\/p>\n<h4>The past is still present<\/h4>\n<p>What was the meaning of the term \u201cslavery\u201d, three generations after abolition? In 1908, for the<em> Journal de l\u2019\u00eele de La R\u00e9union<\/em><span class=\"NOTE_MARKER\" rel=\"0.23256382491466265\" aria-label=\"1 PER 44\/20, 22 d\u00e9c. 1908, \u201c20 D\u00e9cembre\u201d (20th December), ADR\">&nbsp;<\/span>: \u201c<em>slavery still exists for the lower classes,<\/em> [\u2026] <em>as hateful as the other (my underlining) weighing down on the young<\/em>\u201d. For<em> Le Peuple<\/em><span class=\"NOTE_MARKER\" rel=\"0.5369189188346173\" aria-label=\" 18th December 1929, 1PER81 \/31, ADR\">&nbsp;<\/span> en 1929, l\u2019esclavage, creuset de la soci\u00e9t\u00e9 cr\u00e9ole, doit avoir pour symbole de la lib\u00e9ration et de la conqu\u00eate de la dignit\u00e9 le 20 d\u00e9cembre. En 1936, dans <em>Le Progr\u00e8s<\/em><span class=\"NOTE_MARKER\" rel=\"0.6690012336352584\" aria-label=\"\u201cA La R\u00e9union, la libert\u00e9 \u2026\u00e0 l\u2019eau\u201d, 19th December 1936, 1M4045, ADR\">&nbsp;<\/span>, slavery and the post-slavery proletariat are \u201c<em>the consequences of the capitalist regime that imposes salaried workers and bosses<\/em>\u201d, so a symbol of the class struggle.<\/p>\n<p>The revival of memories, consequence of a questioning of the past by those alive, thus bears witness to the fact of slavery becoming invisible, which remains a form of epistemic violence.<\/p>\n<h3>What role can be played by History?<\/h3>\n<p>Creating a past that is inhabitable and inhabited by all<\/p>\n<h4>When the past invites itself into the present<\/h4>\n<p>As has been said, local historians mentioned slavery in their writings. Those of Elie Pajot, <em>Simples Renseignements sur l\u2019\u00cele Bourbon<\/em><span class=\"NOTE_MARKER\" rel=\"0.9993334849794882\" aria-label=\"Paris, Challamel a\u00een\u00e9, 1887, \u00ab Source gallica.bnf.fr \/ BnF \u00bb\">&nbsp;<\/span>, can be found in public libraries. The account of the 1811 rebellion, admittedly very biased, is mentioned, but the issue of slavery had to become an issue concerning the present before the new generations would appropriate it and gather together the archives making it possible to reconstitute the facts.<\/p>\n<p>Historical accounts would have remained self-pitying and truncated if the historians of the 1970s, blinded by trans-generational suffering, had not operated a shift of focus enabling them to see a slave not as \u201cmobile goods\u201d but as a man or a woman, capable of resistance despite the coercive system. Distance has made it possible to \u2018cool down\u2019 the object of study.<\/p>\n<h4>Conflict of memories<\/h4>\n<p>The context was favourable to the development of historical research, contributing to give visibility to the system of slavery through artistic expression, including sculpture. Distributed unequally over the territory, the aim of the statues is to project an alternative narrative within the public space, another narrative of the past up till now represented by the great men of Reunion, occupying the center stage. However, while for obvious symbolic considerations certain places have been given highlighted, the topography of these places of memory brings out the conflict between the different memories.<\/p>\n<figure id=\"attachment_9869\" aria-describedby=\"caption-attachment-9869\" style=\"width: 1051px\" class=\"wp-caption alignnone\"><a href=\"https:\/\/www.portail-esclavage-reunion.fr\/wp-content\/uploads\/2023\/02\/IMG_6767.jpg\" target=\"_blank\" rel=\"noopener\"><img loading=\"lazy\" decoding=\"async\" class=\"wp-image-9869 size-full\" src=\"https:\/\/www.portail-esclavage-reunion.fr\/wp-content\/uploads\/2023\/02\/IMG_6767.jpg\" alt=\"\" width=\"1051\" height=\"701\" srcset=\"https:\/\/www.portail-esclavage-reunion.fr\/wp-content\/uploads\/2023\/02\/IMG_6767.jpg 1051w, https:\/\/www.portail-esclavage-reunion.fr\/wp-content\/uploads\/2023\/02\/IMG_6767-300x200.jpg 300w, https:\/\/www.portail-esclavage-reunion.fr\/wp-content\/uploads\/2023\/02\/IMG_6767-768x512.jpg 768w, https:\/\/www.portail-esclavage-reunion.fr\/wp-content\/uploads\/2023\/02\/IMG_6767-1024x683.jpg 1024w\" sizes=\"auto, (max-width: 767px) 89vw, (max-width: 1000px) 54vw, (max-width: 1071px) 543px, 580px\" \/><\/a><figcaption id=\"caption-attachment-9869\" class=\"wp-caption-text\">Anchaing, basalt sculpture by Gilbert Clain, erected in Hellbourg.Photograph Ibrahim Mullin. <br \/>\u00a9All rights reserved<\/figcaption><\/figure>\n<p>Indeed, the issue of slavery is no longer a taboo, but the temptation to attribute to each of the components of the settlement of Reunion one narrative of the past remains strong: there seems to be a history of slavery as seen by the Whites, in which low-income Creoles play a role and another, that of those who worked under constraint (slaves and indentured labourers).<\/p>\n<p>In fact, in a symbolic manner, the statues erected enhance a narrative of the past for the living. They see in them elements of their genealogy, providing they avoid reproducing a segmented narrative of the past which makes the actors invisible, whatever role they played in the common past, and which excludes them from History.<\/p>\n<p>Since, as was repeated by Hubert Gerbeau, \u201c<em>that slavery which shocked the economies, bodies and consciences, shocks which were at times mortal, irrigated the social edifice as would a storm<\/em>\u201d<span class=\"NOTE_MARKER\" rel=\"0.05285553311137847\" aria-label=\"H. Gerbeau, op.cit., p. 66\">&nbsp;<\/span>, led to a transformation of an anthropological character. The fact of slavery was, indeed, a total fact based on servitude and the alienation of bodies for economic ends by the Masters and on a selection of the workforce and thus inter-group competition, generating practices of social differentiation. All the components of the settlement of Reunion thus experienced it.<\/p>\n<h4>A collective experience of the fact of slavery<\/h4>\n<p>The \u201cpoor whites\u201d (Petits Blancs) <span class=\"NOTE_MARKER\" rel=\"0.15789232878973936\" aria-label=\"H. Gerbeau, op.cit., p.57\">&nbsp;<\/span> \u2013petits cr\u00e9oles\u2013, ont cohabit\u00e9 avec les esclaves, alli\u00e9s de mani\u00e8re \u00e9quivoque<span class=\"NOTE_MARKER\" rel=\"0.8833514190320275\" aria-label=\"H. Gerbeau, op.cit., p.816\">&nbsp;<\/span>.\u00a0Certain practices, attitudes or mental representations bear witness to these experiences.<\/p>\n<p>In the archives, the recurring frequency of the verb <em>amarrer<\/em> (to moor) caught my attention, firstly, through the use of this Creole term, synonym of to tie up, <em>bind or attach<\/em>, in French. Secondly, it is used to describe a situation of humiliation through bodily constraint. In 1904, the brigadier forest ranger of Grand Tampon, prevented from walking across the property of one of the inhabitants who was hostile to the <em>Eaux et For\u00eats<\/em> (forestry department), wrote: \u201c<em>We have no intention of letting ourselves be bound that by these settlers<\/em>\u201d, <span class=\"NOTE_MARKER\" rel=\"0.3350389746729554\" aria-label=\"Correspondence addressed to the head ranger of the Forestry Department, 2Q12, ADR\">&nbsp;<\/span> the reason why he decided to cease the surveillance. In the second occurrence of the term, appearing in 1906,<span class=\"NOTE_MARKER\" rel=\"0.15018434151065518\" aria-label=\"Transmission of reports by forests rangers addressed to the public prosecutor on 19th September 1906, 122W706, ADR\">&nbsp;<\/span> the threat made by a Mayor in the west of the island questioning a fine imposed for an offence committed by agents working for the forestry department is expressed in these terms: \u201c<em>I have the right to have you <strong>bound up<\/strong> and taken to the police station by simple drivers.<\/em>\u201d In fact, in the reports of interrogations of slaves studied by Prosper Eve, the verb is associated with loss of dignity when slaves were arrested and were bound up (<em>amarr\u00e9s<\/em>). In 1798, the interrogation of Marcel, suspected of being a maroon slave, closes in the following terms: \u201c<em>The citizen Hoareau came across some blacks who helped him to <strong>bind up<\/strong> the slave<\/em>.<span class=\"NOTE_MARKER\" rel=\"0.8140224981263524\" aria-label=\"P. Eve, Le bruit du silence, Paroles d\u2019esclaves de Bourbon de la fin du XVIIIe au 20 d\u00e9cembre 1848, (Noise and silence, words of slaves on Bourbon island from the end of the 18th century to 20th December 1848), Oc\u00e9an Editions, 15 prairial an 6, p. 120\">&nbsp;<\/span> I noted other marks of continuation of the system of slavery in our society in conversations presented as a survey on the memory of slavery. It was spontaneously associated with working under constraint: the situation of the settler for the grandfather of one of the women questioned; the load carried by the porter in Salazie for another.<\/p>\n<p>A past that can be inhabited by all should thus be based on genealogical experiences or not, in order to produce a clear vision of the social edifice constructed through slavery. It is thus a common narrative that will make it possible to inhabit this past.<\/p>\n","protected":false},"author":5,"featured_media":9849,"parent":3619,"menu_order":50,"template":"","class_list":["post-10203","documentaire","type-documentaire","status-publish","has-post-thumbnail","hentry"],"acf":[],"_links":{"self":[{"href":"https:\/\/www.portail-esclavage-reunion.fr\/en\/wp-json\/wp\/v2\/documentaire\/10203","targetHints":{"allow":["GET"]}}],"collection":[{"href":"https:\/\/www.portail-esclavage-reunion.fr\/en\/wp-json\/wp\/v2\/documentaire"}],"about":[{"href":"https:\/\/www.portail-esclavage-reunion.fr\/en\/wp-json\/wp\/v2\/types\/documentaire"}],"author":[{"embeddable":true,"href":"https:\/\/www.portail-esclavage-reunion.fr\/en\/wp-json\/wp\/v2\/users\/5"}],"up":[{"embeddable":true,"href":"https:\/\/www.portail-esclavage-reunion.fr\/en\/wp-json\/wp\/v2\/documentaire\/3619"}],"wp:featuredmedia":[{"embeddable":true,"href":"https:\/\/www.portail-esclavage-reunion.fr\/en\/wp-json\/wp\/v2\/media\/9849"}],"wp:attachment":[{"href":"https:\/\/www.portail-esclavage-reunion.fr\/en\/wp-json\/wp\/v2\/media?parent=10203"}],"curies":[{"name":"wp","href":"https:\/\/api.w.org\/{rel}","templated":true}]}}