{"id":3622,"date":"2020-10-30T10:58:15","date_gmt":"2020-10-30T09:58:15","guid":{"rendered":"https:\/\/www.portail-esclavage-reunion.fr\/?post_type=documentaire&#038;p=3622"},"modified":"2023-09-12T12:37:04","modified_gmt":"2023-09-12T10:37:04","slug":"websites","status":"publish","type":"documentaire","link":"https:\/\/www.portail-esclavage-reunion.fr\/en\/documentaires\/memory-of-slavery\/websites\/","title":{"rendered":"Websites"},"content":{"rendered":"<h3>Museums<\/h3>\n<h4>France<\/h4>\n<p>Mus\u00e9e des Ducs de Bretagne, Nantes<br \/>\n<span style=\"color: #5c2424;\"><a style=\"color: #5c2424;\" href=\"http:\/\/www.chateaunantes.fr\/fr\/musee-dhistoire-urbaine\" target=\"_blank\" rel=\"noopener\">www.chateaunantes.fr<\/a><\/span><\/p>\n<p>Mus\u00e9e d\u2019Aquitaine, Bordeaux<br \/>\n<span style=\"color: #5c2424;\"><a style=\"color: #5c2424;\" href=\"http:\/\/www.musee-aquitaine-bordeaux.fr\/fr\" target=\"_blank\" rel=\"noopener\">www.musee-aquitaine-bordeaux.fr<\/a><\/span><\/p>\n<p>Mus\u00e9e de la Compagnie des Indes de <span style=\"color: #6b4c4c;\">Lorient<\/span><br \/>\n<span style=\"color: #5c2424;\"><a style=\"color: #5c2424;\" href=\"https:\/\/musee.lorient.bzh\" target=\"_blank\" rel=\"noopener\">musee.lorient.bzh<\/a><\/span><\/p>\n<p>La Maison de la N\u00e9gritude \u00a0et des Droits de l&#8217;Homme de Champagney, Haute-Sa\u00f4ne<br \/>\n<span style=\"color: #522828;\"><a style=\"color: #522828;\" href=\"http:\/\/www.maisondelanegritude.fr\" target=\"_blank\" rel=\"noopener\">www.maisondelanegritude.fr<\/a><\/span><\/p>\n<p>L&#8217;espace mus\u00e9ographique Victor Schoelcher, son oeuvre \u00e0 Fessenheim<br \/>\n<span style=\"color: #5c2424;\"><a style=\"color: #5c2424;\" href=\"http:\/\/www.fessenheim.fr\/vie-communale\/services-communaux\/victor-schoelcher-son-oeuvre\" target=\"_blank\" rel=\"noopener\">www.fessenheim.fr\/vie-communale\/services-communaux\/victor-schoelcher-son-oeuvre<\/a><\/span><\/p>\n<p>M\u00e9morial de l\u2019abolition de l\u2019esclavage de Nantes<br \/>\n<span style=\"color: #5c2424;\"><a style=\"color: #5c2424;\" href=\"http:\/\/memorial.nantes.fr\" target=\"_blank\" rel=\"noopener\">memorial.nantes.fr<\/a><\/span><\/p>\n<p>M\u00e9morial ACTe\u00a0: centre carib\u00e9en d\u2019expressions et de m\u00e9moire de la traite et de l\u2019esclavage<br \/>\n<span style=\"color: #5c2424;\"><a style=\"color: #5c2424;\" href=\"http:\/\/memorial-acte.fr\" target=\"_blank\" rel=\"noopener\">memorial-acte.fr<\/a><\/span><\/p>\n<h4>United Kingdom<\/h4>\n<p>International Slavery Museum, Liverpool<br \/>\n<span style=\"color: #5c2424;\"><a style=\"color: #5c2424;\" href=\"http:\/\/www.liverpoolmuseums.org.uk\/ism\" target=\"_blank\" rel=\"noopener\">www.liverpoolmuseums.org.uk<\/a><\/span><\/p>\n<p>London, Sugar &amp; Slavery, Londres<br \/>\n<span style=\"color: #5c2424;\"><a style=\"color: #5c2424;\" href=\"https:\/\/www.museumoflondon.org.uk\/museum-london\" target=\"_blank\" rel=\"noopener\">www.museumoflondon.org.uk<\/a><\/span><\/p>\n<h4>United States<\/h4>\n<p>National Museum of African American History and Culture \u00e0 Washington, Etats-Unis<br \/>\n<span style=\"color: #5c2424;\"><a style=\"color: #5c2424;\" href=\"https:\/\/nmaahc.si.edu\" target=\"_blank\" rel=\"noopener\">nmaahc.si.edu<\/a><\/span><\/p>\n<p>Whitney Plantation<br \/>\n<span style=\"color: #5c2424;\"><a style=\"color: #5c2424;\" href=\"http:\/\/whitneyplantation.com\" target=\"_blank\" rel=\"noopener\">whitneyplantation.com<\/a><\/span><\/p>\n<p>The Legacy Museum, Montgomery, Alabama<br \/>\n<span style=\"color: #5c2424;\"><a style=\"color: #5c2424;\" href=\"https:\/\/museumandmemorial.eji.org\/museum\" target=\"_blank\" rel=\"noopener\">museumandmemorial.eji.org<\/a><\/span><\/p>\n<p><strong>South Africa<\/strong><br \/>\nSlave Lodge, Cape Town<br \/>\n<span style=\"color: #5c2424;\"><a style=\"color: #5c2424;\" href=\"http:\/\/www.iziko.org.za\/museums\/slave-lodge\" target=\"_blank\" rel=\"noopener\">www.iziko.org.za\/museums\/slave-lodge<\/a><\/span><\/p>\n<p><strong>Brazil<\/strong><br \/>\nInstituto de Pesquisa e Mem\u00f3ria Pretos Novos, Rio<br \/>\n<span style=\"color: #5c2424;\"><a style=\"color: #5c2424;\" href=\"http:\/\/pretosnovos.com.br\" target=\"_blank\" rel=\"noopener\">pretosnovos.com.br<\/a><\/span><\/p>\n<p><strong>Mauritius<br \/>\n<\/strong>Intercontinental Slavery Museum<br \/>\n<span style=\"color: #5c2424;\"><a style=\"color: #5c2424;\" href=\"https:\/\/ismmauritiusltd.govmu.org\/ism\/\" target=\"_blank\" rel=\"noopener\">https:\/\/ismmauritiusltd.govmu.org\/ism\/<\/a><\/span><\/p>\n<h3>Institutions and associations<\/h3>\n<p>Association Les Anneaux de la m\u00e9moire<br \/>\n<span style=\"color: #5c2424;\"><a style=\"color: #5c2424;\" href=\"https:\/\/www.anneauxdelamemoire.org\" target=\"_blank\" rel=\"noopener\">anneauxdelamemoire.org<\/a><\/span><\/p>\n<p>Comit\u00e9 national pour la m\u00e9moire et l\u2019histoire de l\u2019esclavage<br \/>\n<span style=\"color: #5c2424;\"><a style=\"color: #5c2424;\" href=\"http:\/\/www.cnmhe.fr\" target=\"_blank\" rel=\"noopener\">www.cnmhe.fr<\/a><\/span><\/p>\n<p>Les abolitions de l\u2019esclavage<br \/>\n<span style=\"color: #5c2424;\"><a style=\"color: #5c2424;\" href=\"http:\/\/lesabolitions.culture.fr\" target=\"_blank\" rel=\"noopener\">lesabolitions.culture.fr<\/a><\/span><\/p>\n<p>M\u00e9moires des abolitions de l&#8217;esclavage &#8211; P\u00f4le m\u00e9moriel national de l&#8217;Est de la France et Suisse<br \/>\n<a href=\"http:\/\/www.abolitions.org\" target=\"_blank\" rel=\"noopener\"><span style=\"color: #5c2424;\">www.abolitions.org<\/span><\/a><\/p>\n<p>L\u2019Histoire par l\u2019image<br \/>\n<span style=\"color: #5c2424;\"><a style=\"color: #5c2424;\" href=\"https:\/\/www.histoire-image.org\/fr\/hors-series\/histoire-esclavage\" target=\"_blank\" rel=\"noopener\">www.histoire-image.org\/fr\/hors-series\/histoire-esclavage<\/a><\/span><\/p>\n<p>Route des abolitions de l\u2019esclavage<br \/>\n<span style=\"color: #5c2424;\"><a style=\"color: #5c2424;\" href=\"http:\/\/www.abolitions.org\" target=\"_blank\" rel=\"noopener\">www.abolitions.org<\/a><\/span><\/p>\n<p>Les m\u00e9moires des esclavages et de leurs abolitions<br \/>\n<span style=\"color: #5c2424;\"><a style=\"color: #5c2424;\" href=\"http:\/\/www.lesmemoiresdesesclavages.com\/index.html\" target=\"_blank\" rel=\"noopener\">www.lesmemoiresdesesclavages.com<\/a><\/span><\/p>\n<p>Le marronnage \u00e0 Saint-Domingue (Ha\u00efti)<br \/>\n<span style=\"color: #5c2424;\"><a style=\"color: #5c2424;\" href=\"http:\/\/www.marronnage.info\/fr\/index.html\" target=\"_blank\" rel=\"noopener\">www.marronnage.info<\/a><\/span><\/p>\n<p>Fondation pour la m\u00e9moire de l\u2019esclavage<br \/>\n<span style=\"color: #5c2424;\"><a style=\"color: #5c2424;\" href=\"http:\/\/www.memoire-esclavage.org\" target=\"_blank\" rel=\"noopener\">www.memoire-esclavage.org<\/a><\/span><\/p>\n<p>La Route de l\u2019Esclave<br \/>\n<span style=\"color: #5c2424;\"><a style=\"color: #5c2424;\" href=\"http:\/\/www.unesco.org\/new\/fr\/social-and-human-sciences\/themes\/slave-route\/\" target=\"_blank\" rel=\"noopener\">www.unesco.org\/new\/fr\/social-and-human-sciences\/themes\/slave-route<\/a><\/span><\/p>\n<p>CIRESC (Centre International de Recherche Esclavage)<br \/>\n<span style=\"color: #5c2424;\"><a style=\"color: #5c2424;\" href=\"http:\/\/www.esclavages.cnrs.fr\/\" target=\"_blank\" rel=\"noopener\">www.esclavages.cnrs.fr<\/a><\/span><\/p>\n<p>Comit\u00e9 contre l\u2019esclavage moderne<br \/>\n<span style=\"color: #5c2424;\"><a style=\"color: #5c2424;\" href=\"http:\/\/www.esclavagemoderne.org\/index.php\" target=\"_blank\" rel=\"noopener\">www.esclavagemoderne.org<\/a><\/span><\/p>\n<p>Remember Slavery<br \/>\n<span style=\"color: #5c2424;\"><a style=\"color: #5c2424;\" href=\"http:\/\/www.un.org\/en\/events\/slaveryremembranceday\/index.shtml\" target=\"_blank\" rel=\"noopener\">www.un.org\/en\/events\/slaveryremembranceday<\/a><\/span><\/p>\n<p>Slavery Images: A Visual Record of the African Slave Trade and Slave Life in the Early African Diaspora<br \/>\n<span style=\"color: #5c2424;\"><a style=\"color: #5c2424;\" href=\"http:\/\/www.slaveryimages.org\/\" target=\"_blank\" rel=\"noopener\">www.slaveryimages.org<\/a><\/span><\/p>\n<p>The Abolition of the slave trade<br \/>\n<span style=\"color: #5c2424;\"><a style=\"color: #5c2424;\" href=\"http:\/\/abolition.nypl.org\/home\/\" target=\"_blank\" rel=\"noopener\">abolition.nypl.org<\/a><\/span><\/p>\n<p>Transatlantic slave trade database<br \/>\n<span style=\"color: #5c2424;\"><a style=\"color: #5c2424;\" href=\"http:\/\/www.slavevoyages.org\/\" target=\"_blank\" rel=\"noopener\">www.slavevoyages.org<\/a><\/span><\/p>\n<p>The Gilder Lehmann Center for the study of Slavery, Resistance and Abolition<br \/>\n<span style=\"color: #5c2424;\"><a style=\"color: #5c2424;\" href=\"https:\/\/glc.yale.edu\/\" target=\"_blank\" rel=\"noopener\">glc.yale.edu<\/a><\/span><\/p>\n<p>Slavery, history in focus<br \/>\n<span style=\"color: #5c2424;\"><a style=\"color: #5c2424;\" href=\"https:\/\/www.history.ac.uk\/ihr\/Focus\/Slavery\/index.html\" target=\"_blank\" rel=\"noopener\">www.history.ac.uk\/ihr\/Focus\/Slavery<\/a><\/span><\/p>\n<p>Understanding slavery Initiative<br \/>\n<span style=\"color: #5c2424;\"><a style=\"color: #5c2424;\" href=\"http:\/\/www.understandingslavery.com\/index.html\" target=\"_blank\" rel=\"noopener\">www.understandingslavery.com<\/a><\/span><\/p>\n<p>Anti-Slavery international \u2013 Let\u2019s End Modern Slavery Together<br \/>\n<span style=\"color: #5c2424;\"><a style=\"color: #5c2424;\" href=\"https:\/\/www.antislavery.org\/\" target=\"_blank\" rel=\"noopener\">www.antislavery.org<\/a><\/span><\/p>\n<p>Walk Free Foundation<br \/>\n<a href=\"https:\/\/cdn.walkfree.org\/\" target=\"_blank\" rel=\"noopener\"><span style=\"color: #4f1b1b;\">cdn.walkfree.org<\/span><\/a><\/p>\n","protected":false},"author":5,"featured_media":7963,"parent":3597,"menu_order":10,"template":"","class_list":["post-3622","documentaire","type-documentaire","status-publish","has-post-thumbnail","hentry"],"acf":[],"_links":{"self":[{"href":"https:\/\/www.portail-esclavage-reunion.fr\/en\/wp-json\/wp\/v2\/documentaire\/3622","targetHints":{"allow":["GET"]}}],"collection":[{"href":"https:\/\/www.portail-esclavage-reunion.fr\/en\/wp-json\/wp\/v2\/documentaire"}],"about":[{"href":"https:\/\/www.portail-esclavage-reunion.fr\/en\/wp-json\/wp\/v2\/types\/documentaire"}],"author":[{"embeddable":true,"href":"https:\/\/www.portail-esclavage-reunion.fr\/en\/wp-json\/wp\/v2\/users\/5"}],"up":[{"embeddable":true,"href":"https:\/\/www.portail-esclavage-reunion.fr\/en\/wp-json\/wp\/v2\/documentaire\/3597"}],"wp:featuredmedia":[{"embeddable":true,"href":"https:\/\/www.portail-esclavage-reunion.fr\/en\/wp-json\/wp\/v2\/media\/7963"}],"wp:attachment":[{"href":"https:\/\/www.portail-esclavage-reunion.fr\/en\/wp-json\/wp\/v2\/media?parent=3622"}],"curies":[{"name":"wp","href":"https:\/\/api.w.org\/{rel}","templated":true}]}}