{"id":10207,"date":"2023-06-20T12:27:37","date_gmt":"2023-06-20T10:27:37","guid":{"rendered":"https:\/\/www.portail-esclavage-reunion.fr\/?post_type=documentaire&#038;p=10207"},"modified":"2023-06-20T12:27:37","modified_gmt":"2023-06-20T10:27:37","slug":"entre-o-esquecimento-e-o-abuso-da-memoria-o-que-pode-a-historia-fazer","status":"publish","type":"documentaire","link":"https:\/\/www.portail-esclavage-reunion.fr\/pt-pt\/documentaires\/memoria-da-escravatura\/memorias\/entre-o-esquecimento-e-o-abuso-da-memoria-o-que-pode-a-historia-fazer\/","title":{"rendered":"Entre o esquecimento e o abuso da mem\u00f3ria, o que pode a Hist\u00f3ria fazer?"},"content":{"rendered":"<h2>Na Ilha da Reuni\u00e3o, o tema da mem\u00f3ria da escravatura \u00e9 frequentemente associado aos temas do <em>sil\u00eancio, do esquecimento, da amn\u00e9sia, da sombra e da nega\u00e7\u00e3o<\/em>, perturbando periodicamente a comemora\u00e7\u00e3o de 20 de dezembro nas suas m\u00faltiplas formas, desde 1849<span class=\"NOTE_MARKER\" rel=\"0.264819031767906\" aria-label=\"Prosper Eve, Le 20 d\u00e9cembre 1848 et sa c\u00e9l\u00e9bration \u00e0 La R\u00e9union : du d\u00e9ni \u00e0 la r\u00e9habilitation (1848-1980) (Dia 20 de dezembro e respetiva celebra\u00e7\u00e3o na Reuni\u00e3o: da nega\u00e7\u00e3o \u00e0 reabilita\u00e7\u00e3o (1848-1980)), l'Harmattan, 2000\">&nbsp;<\/span>at\u00e9 1983. Durante essa celebra\u00e7\u00e3o, surgia na arena p\u00fablica a lembran\u00e7a de algo que n\u00e3o se pretendia festejar: a escravatura.<\/h2>\n<p>O dia 20 de dezembro serviu, assim, de testemunho de algo que n\u00e3o podia ser narrado at\u00e9 \u00e0s d\u00e9cadas de 1970 e 1980, quando se iniciou a fase de apropria\u00e7\u00e3o coletiva na sequ\u00eancia do reconhecimento oficial da aboli\u00e7\u00e3o da escravatura e da homenagem \u00e0s suas v\u00edtimas em 30 de junho de 1983. A emerg\u00eancia deste passado no espa\u00e7o p\u00fablico, 135 anos ap\u00f3s a aboli\u00e7\u00e3o, refor\u00e7a a hip\u00f3tese de existir uma narrativa impedida ou imposs\u00edvel que mant\u00e9m o esquecimento, por oposi\u00e7\u00e3o a uma pol\u00edtica deliberada de amn\u00e9sia. Isto, porque a Hist\u00f3ria e a mem\u00f3ria s\u00e3o veiculadas por homens e mulheres que evoluem em contextos sempre diferentes.<\/p>\n<h3>A transmiss\u00e3o escrita da \u00abmem\u00f3ria<br \/>\naristocr\u00e1tica\u00bb<span class=\"NOTE_MARKER\" rel=\"0.1530255401477234\" aria-label=\"Hubert Gerbeau, L'esclavage et son ombre : l'\u00eele de Bourbon aux XIXe et XXe si\u00e8cles (A escravatura e a sua sombra: a Ilha Bourbon nos s\u00e9culos XIX e XX), Tese defendida em 2005, Aix-Marseille, p.48\">&nbsp;<\/span><\/h3>\n<p>Tal como escreveu Hubert Gerbeau, at\u00e9 meados do s\u00e9culo XX, os historiadores, simultaneamente \u00abju\u00edzes e partes\u00bb, veicularam uma \u00abmem\u00f3ria aristocr\u00e1tica\u00bb da escravatura, como se descreve a seguir.<\/p>\n<h4>O mito da col\u00f3nia modelo<\/h4>\n<p>O relato de Georges Az\u00e9ma em, <em>Histoire de l&#8217;\u00eele Bourbon depuis 1643 jusqu&#8217;au 20 d\u00e9cembre 1848<\/em><span class=\"NOTE_MARKER\" rel=\"0.6005529152942519\" aria-label=\"Georges Az\u00e9ma, Plon, 1862, ver cap\u00edtulo VI, parte IV, \u00abSource gallica.bnf.fr \/ BnF\u00bb\">&nbsp;<\/span>(Hist\u00f3ria da Ilha Bourbon desde 1643 at\u00e9 20 de dezembro de 1848), publicado em 1862, paru en 1862, fornece os principais temas.<\/p>\n<figure id=\"attachment_9852\" aria-describedby=\"caption-attachment-9852\" style=\"width: 1051px\" class=\"wp-caption alignnone\"><a href=\"https:\/\/www.portail-esclavage-reunion.fr\/wp-content\/uploads\/2023\/02\/1994-6-3.jpg\" target=\"_blank\" rel=\"noopener\"><img loading=\"lazy\" decoding=\"async\" class=\"wp-image-9852 size-full\" src=\"https:\/\/www.portail-esclavage-reunion.fr\/wp-content\/uploads\/2023\/02\/1994-6-3.jpg\" alt=\"\" width=\"1051\" height=\"701\" srcset=\"https:\/\/www.portail-esclavage-reunion.fr\/wp-content\/uploads\/2023\/02\/1994-6-3.jpg 1051w, https:\/\/www.portail-esclavage-reunion.fr\/wp-content\/uploads\/2023\/02\/1994-6-3-300x200.jpg 300w, https:\/\/www.portail-esclavage-reunion.fr\/wp-content\/uploads\/2023\/02\/1994-6-3-768x512.jpg 768w, https:\/\/www.portail-esclavage-reunion.fr\/wp-content\/uploads\/2023\/02\/1994-6-3-1024x683.jpg 1024w\" sizes=\"auto, (max-width: 767px) 89vw, (max-width: 1000px) 54vw, (max-width: 1071px) 543px, 580px\" \/><\/a><figcaption id=\"caption-attachment-9852\" class=\"wp-caption-text\">Ilha da Reuni\u00e3o, col\u00f3nia francesa (Oceano \u00cdndico). V. Levasseur; gravado por A. Piat. Por volta de 1848. Gravura a cores. <br \/>Col. Museu Hist\u00f3rico de Vill\u00e8le<\/figcaption><\/figure>\n<p>Nesse relato, Az\u00e9ma explica a genealogia da introdu\u00e7\u00e3o da escravatura imposta pela Companhia das \u00cdndias, a quem Lu\u00eds XIV concedera o privil\u00e9gio de comercializar escravos, tal como as outras col\u00f3nias. No entanto, perante a recusa dos primeiros escravos em sujeitar-se ao trabalho servil, foi necess\u00e1rio organizar destacamentos contra esses \u00abfugitivos\u00bb, e n\u00e3o <em>marrons<\/em>, que amea\u00e7avam a exist\u00eancia e os bens dos \u00abhabitantes\u00bb. Segue-se o relato da <strong>col\u00f3nia modelo<\/strong>: produto da \u00abfus\u00e3o\u00bb dos \u00abNegros antigos\u00bb com os crioulos e da sua \u00abinicia\u00e7\u00e3o aos costumes dos brancos\u00bb que viviam \u00abpacificamente entre os seus escravos\u00bb, prestando-se \u00abajuda m\u00fatua\u00bb. O alistamento de escravos, armados e disciplinados, encarregados por Mah\u00e9 de Labourdonnais de \u00abdefender a bandeira francesa que se tornara deles\u00bb, confirma a sua devo\u00e7\u00e3o. A <strong>brandura da escravatura<\/strong> \u00e9 utilizada para explicar a revolta de 1811 em Saint-Leu provocada pela chegada dos ingleses. Com efeito, argumenta, o \u00fanico exemplo de uma insurrei\u00e7\u00e3o remonta aos prim\u00f3rdios da coloniza\u00e7\u00e3o.<\/p>\n<p><figure id=\"attachment_3075\" aria-describedby=\"caption-attachment-3075\" style=\"width: 1000px\" class=\"wp-caption alignnone\"><a href=\"https:\/\/www.portail-esclavage-reunion.fr\/wp-content\/uploads\/2020\/08\/FRAD974_026_6_012.jpg\" target=\"_blank\" rel=\"noopener\"><img loading=\"lazy\" decoding=\"async\" class=\"wp-image-3075 size-full\" src=\"https:\/\/www.portail-esclavage-reunion.fr\/wp-content\/uploads\/2020\/08\/FRAD974_026_6_012.jpg\" alt=\"\" width=\"1000\" height=\"734\" srcset=\"https:\/\/www.portail-esclavage-reunion.fr\/wp-content\/uploads\/2020\/08\/FRAD974_026_6_012.jpg 1000w, https:\/\/www.portail-esclavage-reunion.fr\/wp-content\/uploads\/2020\/08\/FRAD974_026_6_012-300x220.jpg 300w, https:\/\/www.portail-esclavage-reunion.fr\/wp-content\/uploads\/2020\/08\/FRAD974_026_6_012-768x564.jpg 768w\" sizes=\"auto, (max-width: 767px) 89vw, (max-width: 1000px) 54vw, (max-width: 1071px) 543px, 580px\" \/><\/a><figcaption id=\"caption-attachment-3075\" class=\"wp-caption-text\">Erup\u00e7\u00e3o do vulc\u00e3o da ilha de Bourbon, 8 de setembro de 1812, \u00e0s 5 horas e meia da tarde, no cimo do <br \/>Piton Rouge. [Jean-Joseph Patu de Rosemont]. 1812. Aguarela. <br \/>Col. Arquivos departamentais da Reuni\u00e3o<\/figcaption><\/figure>A col\u00f3nia modelo \u00e9 a tese do seu romance, <em>No\u00eblla<\/em><span class=\"NOTE_MARKER\" rel=\"0.6296719459988518\" aria-label=\"G. Az\u00e9ma, No\u00eblla, 1864, \u00ab Source gallica.bnf.fr \/ BnF \u00bb\">&nbsp;<\/span>. Em 1715, a m\u00e3e de No\u00eblla encontra em Bourbon uma sociedade de colonos simples e solid\u00e1rios, que trabalham com as pr\u00f3prias m\u00e3os. A presen\u00e7a de escravos \u00e9 eufem\u00edstica: a m\u00e3e da hero\u00edna adquire, de facto, dois escravos, que assumem os tra\u00e7os familiares da <strong>ama<\/strong> e do <strong>mo\u00e7o de recados<\/strong>, mas o sistema servil \u00e9 invis\u00edvel ao longo da narrativa. Os escravos reaparecem no funeral de No\u00eblla, seguindo \u00aba sua benfeitora<span class=\"NOTE_MARKER\" rel=\"0.868650782300409\" aria-label=\"No\u00eblla, 1864, p. 132.\">&nbsp;<\/span>\u00bb, a chorar. Ao convocar figuras familiares da domesticidade colonial, o autor elimina assim a realidade servil.<\/p>\n<p><figure id=\"attachment_421\" aria-describedby=\"caption-attachment-421\" style=\"width: 800px\" class=\"wp-caption alignnone\"><a href=\"https:\/\/www.portail-esclavage-reunion.fr\/wp-content\/uploads\/2018\/10\/ill-7b-frad974-26j16-nc-na-ne-assise-dans-l-herbe-avec-trois-enfants-web.jpg\" target=\"_blank\" rel=\"noopener\"><img loading=\"lazy\" decoding=\"async\" class=\"wp-image-421 size-full\" src=\"https:\/\/www.portail-esclavage-reunion.fr\/wp-content\/uploads\/2018\/10\/ill-7b-frad974-26j16-nc-na-ne-assise-dans-l-herbe-avec-trois-enfants-web.jpg\" alt=\"\" width=\"800\" height=\"598\" srcset=\"https:\/\/www.portail-esclavage-reunion.fr\/wp-content\/uploads\/2018\/10\/ill-7b-frad974-26j16-nc-na-ne-assise-dans-l-herbe-avec-trois-enfants-web.jpg 800w, https:\/\/www.portail-esclavage-reunion.fr\/wp-content\/uploads\/2018\/10\/ill-7b-frad974-26j16-nc-na-ne-assise-dans-l-herbe-avec-trois-enfants-web-300x224.jpg 300w, https:\/\/www.portail-esclavage-reunion.fr\/wp-content\/uploads\/2018\/10\/ill-7b-frad974-26j16-nc-na-ne-assise-dans-l-herbe-avec-trois-enfants-web-768x574.jpg 768w\" sizes=\"auto, (max-width: 767px) 89vw, (max-width: 1000px) 54vw, (max-width: 1071px) 543px, 580px\" \/><\/a><figcaption id=\"caption-attachment-421\" class=\"wp-caption-text\">[Um momento de descanso na propriedade: ama sentada na relva com tr\u00eas crian\u00e7as e dois c\u00e3es]. <br \/>Jean-Joseph Patu de Rosemont. [1810]. Desenho. <br \/>Col. Arquivos departamentais da Reuni\u00e3o<\/figcaption><\/figure>Elaborada pelos propriet\u00e1rios de escravos que se tinham tornado os rostos da barb\u00e1rie, esta narrativa foi defendida por de Vill\u00e8le e pelos membros do Conselho Colonial em 1847<span class=\"NOTE_MARKER\" rel=\"0.31197595463278516\" aria-label=\"Composi\u00e7\u00e3o da comiss\u00e3o: Fitau, Deshayes, Sauger, Pajot, Desprez, de Saint Georges\">&nbsp;<\/span>. Nela, o orador iliba os colonos, que \u00ab<em>n\u00e3o institu\u00edram a escravatura,<\/em> [que] <em>sofrem com ela;<\/em> [reconhece que] <em>\u00e9 uma ferida que o passado lhes legou e que s\u00f3 o tempo pode curar e cicatrizar<\/em><span class=\"NOTE_MARKER\" rel=\"0.282357956816498\" aria-label=\"Projeto de interven\u00e7\u00e3o em resposta ao discurso do Senhor Governador, sess\u00e3o de 1847, 122W669, ADR\">&nbsp;<\/span> \u00bb.<\/p>\n<p>Este mito destinava-se principalmente aos literatos e \u00e0 opini\u00e3o p\u00fablica francesa e n\u00e3o \u00e0s massas crioulas afastadas da cultura escrita. Foi instrumentalizado por Fran\u00e7ois de Mahy<span class=\"NOTE_MARKER\" rel=\"0.48780666802457096\" aria-label=\"Fran\u00e7ois de Mahy, L\u2019abolition de l\u2019esclavage dans les colonies fran\u00e7aises (A aboli\u00e7\u00e3o da escravatura nas col\u00f3nias francesas), PB 105, ADR\">&nbsp;<\/span>. ao servi\u00e7o da expans\u00e3o colonial. Segundo o deputado, a criouliza\u00e7\u00e3o e o subsequente afrancesamento dos escravos e seus descendentes tornados \u00abfilhos de terras francesas com o mesmo n\u00edvel de alma e esp\u00edrito franceses\u00bb, constitu\u00edram o laborat\u00f3rio para a ideologia assimilacionista da Rep\u00fablica.<\/p>\n<h4>Aus\u00eancia de uma narrativa escrita alternativa<\/h4>\n<p>Esta narrativa foi legitimada pela escrita; o baixo n\u00edvel de alfabetiza\u00e7\u00e3o da popula\u00e7\u00e3o reduzia-lhe o p\u00fablico a um c\u00edrculo que s\u00f3 se alargou com a Terceira Rep\u00fablica. A avaliar pelos invent\u00e1rios das 21 bibliotecas populares existentes na ilha entre 1907 e 1917<span class=\"NOTE_MARKER\" rel=\"0.23853660082545414\" aria-label=\"Biblioth\u00e8ques Populaires (Bibliotecas populares), 4T2, ADR\">&nbsp;<\/span> , todavia, a oferta de leitura p\u00fablica, ve\u00edculo da cultura escrita, n\u00e3o proporcionou uma narrativa alternativa da escravatura. Dois t\u00edtulos abordam o tema da escravatura: <em>A Cabana do Pai Tom\u00e1s<\/em>, presente em 5 cole\u00e7\u00f5es, e <em>Paulo e Virg\u00ednia<\/em>, 11 cole\u00e7\u00f5es, a par de obras sobre Madag\u00e1scar. A apresenta\u00e7\u00e3o est\u00e9tica da escravatura por estas duas obras n\u00e3o visa certamente despertar \u00aba mem\u00f3ria amarga da servid\u00e3o<span class=\"NOTE_MARKER\" rel=\"0.38588585109587425\" aria-label=\"F. de Mahy, op.cit.\">&nbsp;<\/span> \u00bb, mas apoiaria uma vis\u00e3o muito eufem\u00edstica da realidade da servid\u00e3o. Quanto a <em>Robinson Cruso\u00e9<\/em>, 9 ocorr\u00eancias, ter\u00e1 a obra legitimado o dom\u00ednio do patr\u00e3o Robinson sobre o criado Sexta-feira ou conscientizado a gera\u00e7\u00e3o de militantes dos anos da Frente Popular?<\/p>\n<figure id=\"attachment_9861\" aria-describedby=\"caption-attachment-9861\" style=\"width: 1051px\" class=\"wp-caption alignnone\"><a href=\"https:\/\/www.portail-esclavage-reunion.fr\/wp-content\/uploads\/2023\/02\/2001-1-5.jpg\" target=\"_blank\" rel=\"noopener\"><img loading=\"lazy\" decoding=\"async\" class=\"wp-image-9861 size-full\" src=\"https:\/\/www.portail-esclavage-reunion.fr\/wp-content\/uploads\/2023\/02\/2001-1-5.jpg\" alt=\"\" width=\"1051\" height=\"717\" srcset=\"https:\/\/www.portail-esclavage-reunion.fr\/wp-content\/uploads\/2023\/02\/2001-1-5.jpg 1051w, https:\/\/www.portail-esclavage-reunion.fr\/wp-content\/uploads\/2023\/02\/2001-1-5-300x205.jpg 300w, https:\/\/www.portail-esclavage-reunion.fr\/wp-content\/uploads\/2023\/02\/2001-1-5-768x524.jpg 768w, https:\/\/www.portail-esclavage-reunion.fr\/wp-content\/uploads\/2023\/02\/2001-1-5-1024x699.jpg 1024w\" sizes=\"auto, (max-width: 767px) 89vw, (max-width: 1000px) 54vw, (max-width: 1071px) 543px, 580px\" \/><\/a><figcaption id=\"caption-attachment-9861\" class=\"wp-caption-text\">Mudan\u00e7a de leite de Paulo e Virg\u00ednia. Michel Lambert, pintor. Augustin Legrand, gravador. <br \/>S\u00e9culo XIX. Aquatinta. <br \/>Col. Museu Hist\u00f3rico de Vill\u00e8le.<\/figcaption><\/figure>\n<p>Do mesmo modo, n\u00e3o houve um relato alternativo da escravatura na aus\u00eancia de transmissores culturais que pudessem testemunhar a sua experi\u00eancia familiar. Contrariamente \u00e0s Antilhas, na Ilha da Reuni\u00e3o n\u00e3o se construiu uma elite intelectual com os alforriados de 1848. Ali\u00e1s, no per\u00edodo entre as duas guerras mundiais, enquanto Paulette Narval e outros intelectuais afrodescendentes esbo\u00e7avam um internacionalismo negro, n\u00e3o desprovido de ambiguidade e Ren\u00e9 Maran recebia o pr\u00e9mio Goncourt por <em>Batouala, v\u00e9ritable roman n\u00e8gre<\/em> (Batouala, um verdadeiro romance negro) em 1921, a Reuni\u00e3o produzia o romance de Marius e Ary Leblond, <em>Ulysse, cafre ou l&#8217;histoire dor\u00e9e d&#8217;un Noir<\/em> (Ulisses, cafre ou a hist\u00f3ria dourada de um Negro), em 1924, ilustrando perfeitamente o paternalismo, a ideologia do Pai Tom\u00e1s e a defesa do assimilacionismo.<\/p>\n<p>Ter-se-\u00e1 perdido, ent\u00e3o, a mem\u00f3ria da escravatura?<\/p>\n<h3>A \u00abmanta de retalhos\u00bb das mem\u00f3rias privadas<\/h3>\n<p>Na realidade, n\u00e3o existe uma mem\u00f3ria, mas v\u00e1rias. Mem\u00f3rias privadas e familiares, plurais como uma manta de retalhos, t\u00e3o pl\u00e1sticas como a mem\u00f3ria aristocr\u00e1tica, foram passando em paralelo de uma gera\u00e7\u00e3o para a outra, para al\u00e9m da palavra escrita. Tal como este tapete tradicional feito de retalhos de tecido que formam um conjunto heter\u00f3clito, as mem\u00f3rias testemunham e contam hist\u00f3rias, dando um pretexto para recordar fragmentos da hist\u00f3ria pessoal que s\u00e3o tamb\u00e9m fragmentos dispersos da Hist\u00f3ria, reativando-se a cada 20 de dezembro.<\/p>\n<h4><em>La fet caf en misouk<\/em> (A festa cafre secreta)<\/h4>\n<p>De facto, a celebra\u00e7\u00e3o da Aboli\u00e7\u00e3o foi mantida no c\u00edrculo privado<span class=\"NOTE_MARKER\" rel=\"0.25441031010761517\" aria-label=\"P. Eve, op.cit. \">&nbsp;<\/span>, onde o ritual institu\u00eddo combinava missa, refei\u00e7\u00f5es, recorda\u00e7\u00e3o dos sofrimentos da escravatura e culto dos antepassados. \u00c9 o que atesta um relat\u00f3rio da pol\u00edcia datado de<br \/>\n1936<span class=\"NOTE_MARKER\" rel=\"0.25441031010761517\" aria-label=\"Nota manuscrita do gabinete do Governador, sem data, 1M4045, ADR\">&nbsp;<\/span> a indicar a organiza\u00e7\u00e3o de uma festa popular em Saint Denis por um certo Vincent Hibo, como nos anos anteriores. Os autores da <em>Encyclop\u00e9die de La R\u00e9union<\/em>, publicada em 1981, confirmam a sobreviv\u00eancia de uma mem\u00f3ria da escravatura tanto nas montanhas em Salazie, como no litoral.<\/p>\n<figure id=\"attachment_9865\" aria-describedby=\"caption-attachment-9865\" style=\"width: 555px\" class=\"wp-caption alignnone\"><a href=\"https:\/\/www.portail-esclavage-reunion.fr\/wp-content\/uploads\/2023\/02\/Rant-dann-ron.jpg\" target=\"_blank\" rel=\"noopener\"><img loading=\"lazy\" decoding=\"async\" class=\"wp-image-9865 size-full\" src=\"https:\/\/www.portail-esclavage-reunion.fr\/wp-content\/uploads\/2023\/02\/Rant-dann-ron.jpg\" alt=\"\" width=\"555\" height=\"554\" srcset=\"https:\/\/www.portail-esclavage-reunion.fr\/wp-content\/uploads\/2023\/02\/Rant-dann-ron.jpg 555w, https:\/\/www.portail-esclavage-reunion.fr\/wp-content\/uploads\/2023\/02\/Rant-dann-ron-150x150.jpg 150w, https:\/\/www.portail-esclavage-reunion.fr\/wp-content\/uploads\/2023\/02\/Rant-dann-ron-300x300.jpg 300w, https:\/\/www.portail-esclavage-reunion.fr\/wp-content\/uploads\/2023\/02\/Rant-dann-ron-100x100.jpg 100w\" sizes=\"auto, (max-width: 555px) 100vw, 555px\" \/><\/a><figcaption id=\"caption-attachment-9865\" class=\"wp-caption-text\">Ron Maloya, Sin-Dni, fevereiro de 2021. Jean-Marc Grenier. Fotografia. <br \/>\u00a9Todos os direitos reservados.<\/figcaption><\/figure>\n<p>Por conseguinte, coexistem duas mem\u00f3rias. Uma beneficiou do seu dom\u00ednio do campo intelectual, enquanto a outra passou \u00e0 clandestinidade para se tornar aud\u00edvel a partir de 1908, de acordo com Prosper Eve.<\/p>\n<p><em>Le Progr\u00e8s<\/em><span class=\"NOTE_MARKER\" rel=\"0.8926609095511009\" aria-label=\"1 PER 82\/7, ADR\">&nbsp;<\/span> de 19 de dezembro de 1917 que o historiador cita resume as camadas do processo memorial consoante as gera\u00e7\u00f5es. A primeira, a do \u00ab<em>Negro de 1848<\/em> [&#8230;] <em>que nunca ousou vangloriar-se dessa extra\u00e7\u00e3o, se assim se pode dizer, nem exibir esse ponto de partida do seu estado civil<\/em> [de tal maneira essa express\u00e3o marcava], <em>o desprezo pela moralidade inferior que decorria naturalmente dessa origem<\/em> [&#8230;] <em>Um Negro liberto era menos do que outro Negro<\/em>.\u00bb<\/p>\n<p>O Segundo Imp\u00e9rio e o in\u00edcio da Terceira Rep\u00fablica viram a chegada de uma segunda gera\u00e7\u00e3o que testemunhou o sil\u00eancio dos mais velhos e as suas tentativas de integra\u00e7\u00e3o. Em 1908, a terceira gera\u00e7\u00e3o, reivindicava, ao mesmo tempo, o reconhecimento da \u00ab<em>f\u00eat caf<\/em>\u00bb e a escravatura que ainda persistia.<\/p>\n<h4>Os tempos antigos sempre presentes<\/h4>\n<p>O que significa o termo \u00abescravatura\u00bb tr\u00eas gera\u00e7\u00f5es ap\u00f3s a sua aboli\u00e7\u00e3o? Em 1908, para o <em>Journal de l&#8217;\u00eele de la R\u00e9union<\/em><span class=\"NOTE_MARKER\" rel=\"0.23256382491466265\" aria-label=\"1 PER 44\/20, 22 Dez. 1908, \u00ab20 Dezembro\u00bb, ADR\">&nbsp;<\/span> : \u00ab<em>a escravatura subsiste para a classe pobre<\/em>, [&#8230;] <em>t\u00e3o odiosa como a outra (sublinhamos) que pesa sobre os mais desfavorecidos<\/em>\u00bb. Para <em>Le Peuple<\/em><span class=\"NOTE_MARKER\" rel=\"0.5369189188346173\" aria-label=\"18 de dezembro de 1929, 1PER81 \/31, ADR\">&nbsp;<\/span>\u00a0em 1929, cadinho da sociedade crioula, a escravatura deveria fazer do 20 de dezembro s\u00edmbolo de liberta\u00e7\u00e3o e de conquista da dignidade. Para\u00a0<em>Le Progr\u00e8s<\/em><span class=\"NOTE_MARKER\" rel=\"0.6690012336352584\" aria-label=\"\u00abA La R\u00e9union, la libert\u00e9 ...\u00e0 l'eau\u00bb (Na Reuni\u00e3o, a liberdade\u2026 por \u00e1gua abaixo), 19 de dezembro de 1936, 1M4045, ADR\">&nbsp;<\/span> a escravatura e o proletariado p\u00f3s-escravatura s\u00e3o \u00ab<em>os efeitos do regime capitalista (sic) que imp\u00f5e um assalariado e um patronato<\/em>\u00bb, ou seja, um s\u00edmbolo da luta de classes.<\/p>\n<p>O ressurgimento das mem\u00f3rias, produto da interroga\u00e7\u00e3o do passado pelos vivos, testemunha, assim, a favor de se invisibilizar o facto servil que permanece uma viol\u00eancia epist\u00e9mica.<\/p>\n<h3>O que pode a Hist\u00f3ria fazer? Tornar o passado habit\u00e1vel e habitado por todos<\/h3>\n<h4>Quando o passado se imiscui no presente<\/h4>\n<p>Tal como referimos, os historiadores locais mencionaram a escravatura nas suas obras. Encontramos o livro de Elie Pajot, <em>Simples Renseignements sur l&#8217;\u00cele Bourbon<\/em><span class=\"NOTE_MARKER\" rel=\"0.9993334849794882\" aria-label=\"Paris, Challamel a\u00een\u00e9, 1887, \u00ab Source gallica.bnf.fr \/ BnF \u00bb\">&nbsp;<\/span> (Informa\u00e7\u00f5es simples sobre a Ilha Bourbon) nas cole\u00e7\u00f5es das Bibliotecas Populares. O relato da revolta de 1811, certamente muito parcial, por\u00e9m, foi citado, mas as novas gera\u00e7\u00f5es s\u00f3 se debru\u00e7aram sobre o assunto e reuniram arquivos que permitiram reconstituir os factos quando a quest\u00e3o da escravatura se tornou atual.<\/p>\n<p>Ter\u00edamos ficado com uma hist\u00f3ria miserabilista e truncada se os historiadores dos anos 1970, cegados pelo sofrimento transgeracional, n\u00e3o tivessem feito uma descentraliza\u00e7\u00e3o que lhes permitiu pensar o escravo n\u00e3o como um \u00abbem m\u00f3vel\u00bb mas como um homem ou uma mulher capaz de resistir ao sistema coercivo. A dist\u00e2ncia temporal permitiu \u00abarrefecer\u00bb o objeto de estudo.<\/p>\n<h4>O conflito das mem\u00f3rias<\/h4>\n<p>Este contexto favoreceu o desenvolvimento da investiga\u00e7\u00e3o hist\u00f3rica, contribuindo para a visibilidade do sistema servil atrav\u00e9s da express\u00e3o art\u00edstica, nomeadamente, a estatu\u00e1ria. Distribu\u00eddas de forma desigual pelo territ\u00f3rio, as est\u00e1tuas t\u00eam como objetivo expor no espa\u00e7o p\u00fablico outro relato do passado, anteriormente representado pelos grandes homens da Reuni\u00e3o que estavam no centro de tudo. Contudo, embora por considera\u00e7\u00f5es simb\u00f3licas \u00f3bvias certos lugares tenham sido privilegiados, a topografia destes locais de mem\u00f3ria mostra o conflito das mem\u00f3rias.<\/p>\n<figure id=\"attachment_9869\" aria-describedby=\"caption-attachment-9869\" style=\"width: 1051px\" class=\"wp-caption alignnone\"><a href=\"https:\/\/www.portail-esclavage-reunion.fr\/wp-content\/uploads\/2023\/02\/IMG_6767.jpg\" target=\"_blank\" rel=\"noopener\"><img loading=\"lazy\" decoding=\"async\" class=\"wp-image-9869 size-full\" src=\"https:\/\/www.portail-esclavage-reunion.fr\/wp-content\/uploads\/2023\/02\/IMG_6767.jpg\" alt=\"\" width=\"1051\" height=\"701\" srcset=\"https:\/\/www.portail-esclavage-reunion.fr\/wp-content\/uploads\/2023\/02\/IMG_6767.jpg 1051w, https:\/\/www.portail-esclavage-reunion.fr\/wp-content\/uploads\/2023\/02\/IMG_6767-300x200.jpg 300w, https:\/\/www.portail-esclavage-reunion.fr\/wp-content\/uploads\/2023\/02\/IMG_6767-768x512.jpg 768w, https:\/\/www.portail-esclavage-reunion.fr\/wp-content\/uploads\/2023\/02\/IMG_6767-1024x683.jpg 1024w\" sizes=\"auto, (max-width: 767px) 89vw, (max-width: 1000px) 54vw, (max-width: 1071px) 543px, 580px\" \/><\/a><figcaption id=\"caption-attachment-9869\" class=\"wp-caption-text\">Anchaing, escultura em basalto de Gilbert Clain instalada em Hellbourg.Fotografia de Ibrahim Mullin. <br \/>\u00a9Todos os direitos reservados<\/figcaption><\/figure>\n<p>Com efeito, a quest\u00e3o da escravatura j\u00e1 n\u00e3o \u00e9 tabu, mas a tenta\u00e7\u00e3o de atribuir uma narrativa do passado a cada uma das componentes da povoa\u00e7\u00e3o da Reuni\u00e3o permanece forte: haveria uma hist\u00f3ria da escravatura branca que inclui os crioulos menos abastados e outra dos trabalhadores for\u00e7ados (escravos e trabalhadores contratados).<\/p>\n<p>A estatu\u00e1ria valoriza simbolicamente uma narrativa do passado para os vivos que nela encontram elementos da sua genealogia, desde que n\u00e3o reproduza uma narrativa segmentada do passado que torne alguns atores invis\u00edveis, seja qual for o seu papel no passado comum, e os exclua da hist\u00f3ria.<\/p>\n<p>Porque, repete Hubert Gerbeau, \u00ab<em>esta escravatura que abala as economias, os corpos e as consci\u00eancias com choques, por vezes, fatais, envolveu o edif\u00edcio social numa tempestade<\/em><span class=\"NOTE_MARKER\" rel=\"0.05285553311137847\" aria-label=\"H. Gerbeau, op.cit., p. 66\">&nbsp;<\/span>\u00bb\u00a0provocando uma transforma\u00e7\u00e3o de natureza antropol\u00f3gica. O facto servil \u00e9, com efeito, um facto total baseado na sujei\u00e7\u00e3o e na aliena\u00e7\u00e3o dos corpos pelos senhores para fins econ\u00f3micos; na sele\u00e7\u00e3o da m\u00e3o de obra e, consequentemente, na concorr\u00eancia intergrupal; gerando pr\u00e1ticas de distin\u00e7\u00e3o social. Todas as componentes do povoamento da Ilha da Reuni\u00e3o tiveram, desde logo, uma experi\u00eancia.<\/p>\n<h4>Uma experi\u00eancia coletiva do facto servil<\/h4>\n<p>Os \u00ab<em>Petits Blancs<\/em><span class=\"NOTE_MARKER\" rel=\"0.15789232878973936\" aria-label=\"H. Gerbeau, op.cit., p.57\">&nbsp;<\/span>\u00bb, crioulos menos\u00a0abastados, conviviam com os escravos, a quem se aliavam de forma equ\u00edvoca<span class=\"NOTE_MARKER\" rel=\"0.8833514190320275\" aria-label=\"H. Gerbeau, op.cit., p.816\">&nbsp;<\/span>, quer para esconder objetos e escravos, quer para localizar os <em>marrons<\/em> (escravos fugitivos), quer ainda atrav\u00e9s da miscigena\u00e7\u00e3o. Certas pr\u00e1ticas, atitudes e representa\u00e7\u00f5es mentais atestam essa experi\u00eancia.<\/p>\n<p>Nos arquivos, a recorr\u00eancia do verbo <em>amarrer<\/em> chamou-me a aten\u00e7\u00e3o. Em primeiro lugar, pelo uso em si desta palavra crioula, sin\u00f3nimo de <em>prender<\/em>, <em>ligar<\/em> ou <em>atar<\/em> e, em segundo lugar, por ser utilizada para descrever uma situa\u00e7\u00e3o de humilha\u00e7\u00e3o atrav\u00e9s de constrangimento f\u00edsico. Em 1904, impedido de atravessar a propriedade de um habitante local hostil ao departamento de gest\u00e3o das \u00c1guas e Florestas, o brigadeiro florestal de Grand Tampon escreveu a seguinte frase: \u00ab<em>N\u00e3o tencionamos deixar-nos <strong>amarrar<\/strong> por estes colonos<\/em>.<span class=\"NOTE_MARKER\" rel=\"0.3350389746729554\" aria-label=\"Correspond\u00eancia para o Guarda Geral das \u00c1guas e Florestas, 2T12, ADR\">&nbsp;<\/span>\u00bb, raz\u00e3o pela qual desistiu da sua vigil\u00e2ncia. Uma segunda ocorr\u00eancia, em 1906<span class=\"NOTE_MARKER\" rel=\"0.15018434151065518\" aria-label=\"Transmiss\u00e3o ao Minist\u00e9rio P\u00fablico da ata dos guardas florestais de 19 de setembro de 1906, 122W706, ADR\">&nbsp;<\/span>, foi a amea\u00e7a proferida por um presidente de c\u00e2mara do Oeste que contestou a multa por um delito passada por agentes do Servi\u00e7o Florestal nos seguintes termos: \u00ab<em>Tenho o direito<\/em> [&#8230;] <em>de vos mandar <strong>amarrar<\/strong> e levar para a esquadra por camionistas comuns<\/em>\u00bb. Nas atas de interrogat\u00f3rios de escravos compilados por Prosper Eve, esse verbo \u00e9 associado \u00e0 perda de dignidade no ato da deten\u00e7\u00e3o de escravos amarrados. Assim, em 1798, o interrogat\u00f3rio do suposto marron Marcel termina com as seguintes palavras: \u00ab<em>O cidad\u00e3o Hoareau encontrou-se com negros que o ajudaram a <strong>amarrar<\/strong> o escravo<\/em><span class=\"NOTE_MARKER\" rel=\"0.8140224981263524\" aria-label=\"P. Eve, Le bruit du silence, Paroles d'esclaves de Bourbon de la fin du XVIIIe au 20 d\u00e9cembre 1848 (O Som do Sil\u00eancio, Palavras de escravos de Bourbon desde finais do s\u00e9culo XVIII at\u00e9 20 de dezembro de 1848), Oc\u00e9an Editions, 15 pradial ano 6, p.120\">&nbsp;<\/span>\u00bb. Outros vest\u00edgios da sobreviv\u00eancia da experi\u00eancia servil na nossa sociedade foram-me fornecidos por uma conversa cujo objetivo era sondar a mem\u00f3ria da escravatura, que foi espontaneamente associada ao trabalho for\u00e7ado: a situa\u00e7\u00e3o de colono para o av\u00f4 de uma das entrevistadas e a posi\u00e7\u00e3o de carregador em Salazie para outra.<\/p>\n<p>Um passado que possa ser habitado por todos basear-se-ia, portanto, em experi\u00eancias geneal\u00f3gicas ou outras para melhor compreender a estrutura social moldada pela escravatura. \u00c9, portanto, uma narrativa comum que permitir\u00e1 habitar esse passado.<\/p>\n","protected":false},"author":5,"featured_media":9850,"parent":5044,"menu_order":50,"template":"","class_list":["post-10207","documentaire","type-documentaire","status-publish","has-post-thumbnail","hentry"],"acf":[],"_links":{"self":[{"href":"https:\/\/www.portail-esclavage-reunion.fr\/pt-pt\/wp-json\/wp\/v2\/documentaire\/10207","targetHints":{"allow":["GET"]}}],"collection":[{"href":"https:\/\/www.portail-esclavage-reunion.fr\/pt-pt\/wp-json\/wp\/v2\/documentaire"}],"about":[{"href":"https:\/\/www.portail-esclavage-reunion.fr\/pt-pt\/wp-json\/wp\/v2\/types\/documentaire"}],"author":[{"embeddable":true,"href":"https:\/\/www.portail-esclavage-reunion.fr\/pt-pt\/wp-json\/wp\/v2\/users\/5"}],"up":[{"embeddable":true,"href":"https:\/\/www.portail-esclavage-reunion.fr\/pt-pt\/wp-json\/wp\/v2\/documentaire\/5044"}],"wp:featuredmedia":[{"embeddable":true,"href":"https:\/\/www.portail-esclavage-reunion.fr\/pt-pt\/wp-json\/wp\/v2\/media\/9850"}],"wp:attachment":[{"href":"https:\/\/www.portail-esclavage-reunion.fr\/pt-pt\/wp-json\/wp\/v2\/media?parent=10207"}],"curies":[{"name":"wp","href":"https:\/\/api.w.org\/{rel}","templated":true}]}}