{"id":13004,"date":"2024-05-21T11:37:02","date_gmt":"2024-05-21T07:37:02","guid":{"rendered":"https:\/\/www.portail-esclavage-reunion.fr\/?post_type=dossier-documentaire&#038;p=13004"},"modified":"2024-05-21T11:37:02","modified_gmt":"2024-05-21T07:37:02","slug":"a-estranha-historia-de-furcy-madeleine-1786-1856-videos-da-exposicao","status":"publish","type":"dossier-documentaire","link":"https:\/\/www.portail-esclavage-reunion.fr\/pt-pt\/dossiers-documentaires\/a-estranha-historia-de-furcy-madeleine-1786-1856-videos-da-exposicao\/","title":{"rendered":"A Estranha Hist\u00f3ria de Furcy Madeleine: 1786-1856. V\u00eddeos da exposi\u00e7\u00e3o"},"content":{"rendered":"\n<h2 class=\"wp-block-heading\">A exposi\u00e7\u00e3o, organizada de 11 de dezembro de 2019 a 20 de abril de 2020 pelo museu hist\u00f3rico de Vill\u00e8le, em parceria com os Arquivos do departamento da Reuni\u00e3o, retrata a hist\u00f3ria singular do escravo Furcy.<\/h2>\n\n\n\n<h3 class=\"wp-block-heading\">A hist\u00f3ria de Furcy, estado da investiga\u00e7\u00e3o<\/h3>\n\n\n\n<p>A exposi\u00e7\u00e3o \u00e9 o resultado de um trabalho de investiga\u00e7\u00e3o realizado pelo antrop\u00f3logo e historiador Gilles G\u00e9rard, que escreveu o cen\u00e1rio.<br>Baseia-se tamb\u00e9m nos trabalhos de Sue Peabody, historiadora e acad\u00e9mica americana, autora de <em>Madeleine\u2019s Children: Family, Freedom, Secrets, and Lies in France\u2019s Indian Ocean Colonies<\/em>, e do investigador J\u00e9r\u00e9my Boutier, autor de uma tese intitulada La question de l\u2019assimilation politico-juridique de La R\u00e9union \u00e0 la m\u00e9tropole, 1815-1906 (Universit\u00e9 d\u2019Aix-Marseille) e de v\u00e1rios artigos sobre Furcy.<\/p>\n\n\n\n<figure class=\"wp-block-video\"><video controls poster=\"https:\/\/www.portail-esclavage-reunion.fr\/wp-content\/uploads\/2021\/12\/poster_sue_peabody.jpg\" src=\"https:\/\/www.portail-esclavage-reunion.fr\/wp-content\/uploads\/2021\/09\/PEABODY_fr_PORT.mp4\"><\/video><\/figure>\n\n\n\n<div class=\"wp-block-columns is-layout-flex wp-container-core-columns-is-layout-9d6595d7 wp-block-columns-is-layout-flex\">\n<div class=\"wp-block-column is-layout-flow wp-block-column-is-layout-flow\">\n<figure class=\"wp-block-video\"><video controls poster=\"https:\/\/www.portail-esclavage-reunion.fr\/wp-content\/uploads\/2019\/12\/poster_boutier2.jpg\" src=\"https:\/\/www.portail-esclavage-reunion.fr\/wp-content\/uploads\/2021\/12\/Je\u0301re\u0301my_BOUTIER_ST_PT.mp4\"><\/video><\/figure>\n<\/div>\n<\/div>\n\n\n\n<div style=\"height:57px\" aria-hidden=\"true\" class=\"wp-block-spacer\"><\/div>\n\n\n\n<h3 class=\"wp-block-heading\">Os desafios da exposi\u00e7\u00e3o<\/h3>\n\n\n\n<p>A exposi\u00e7\u00e3o visa, com base nas fontes dispon\u00edveis, apresentar uma vis\u00e3o da vida de Furcy, na sua dimens\u00e3o singular, prodigiosa e complexa, mesmo que isso signifique restabelecer alguns factos e quebrar algumas ideias pr\u00e9-concebidas: n\u00e3o era um militante abolicionista, sendo que at\u00e9 chegou a possuir escravos e terminou os seus dias em relativa opul\u00eancia.<br>Visa tamb\u00e9m colocar a estranha hist\u00f3ria de Furcy no contexto das sociedades coloniais de Bourbon e das Maur\u00edcias e destacar uma representa\u00e7\u00e3o de Furcy, frequentemente distorcida, na mem\u00f3ria coletiva.<\/p>\n\n\n\n<figure class=\"wp-block-video\"><video controls poster=\"https:\/\/www.portail-esclavage-reunion.fr\/wp-content\/uploads\/2019\/12\/poster_barbier2.jpg\" src=\"https:\/\/www.portail-esclavage-reunion.fr\/wp-content\/uploads\/2021\/12\/Jean-Barbier_ST_PT.mp4\"><\/video><\/figure>\n\n\n\n<div style=\"height:70px\" aria-hidden=\"true\" class=\"wp-block-spacer\"><\/div>\n\n\n\n<h3 class=\"wp-block-heading\">Furcy, resson\u00e2ncias contempor\u00e2neas<\/h3>\n\n\n\n<p>Na Ilha da Reuni\u00e3o, embora a hist\u00f3ria de Furcy nos tenha sido revelada pelo trabalho do historiador Hubert Gerbeau em 1990, foi, no entanto, gra\u00e7as a Sophie Bazin e Johary Ravaloson (cujo pseud\u00f3nimo \u00e9 Arius e Mary Batiskaf), e \u00e0 sua cria\u00e7\u00e3o Libert\u00e9 Plastik em 1998, que Furcy se tornou um s\u00edmbolo da luta pela liberdade.<br>A publica\u00e7\u00e3o do livro de Mohammed A\u00efssaoui, L\u2019affaire de l\u2019esclave Furcy, (Prix Renaudot 2010), \u00e9 outro elemento a ter em conta para compreender o aparecimento nos anos 2000 do movimento coletivo Lib\u00e8r nout\u2019 Furcy (Libertem o nosso Furcy), e a emerg\u00eancia de v\u00e1rias cria\u00e7\u00f5es de artistas daqui e de alhures: As pe\u00e7as de Hassane Kouyat\u00e9, Francky Lauret e Erick Isana\u2019s L\u2019affaire de l\u2019esclave Furcy, Fer6, o esbo\u00e7o de um filme de anima\u00e7\u00e3o de Laurent M\u00e9d\u00e9a, a can\u00e7\u00e3o L\u2019or de Furcy do m\u00fasico Kaf Malbar, ou ainda a escultura de Marco Ah Kiem no Barachois em Saint-Denis.<\/p>\n\n\n\n<div style=\"height:41px\" aria-hidden=\"true\" class=\"wp-block-spacer\"><\/div>\n\n\n\n<p class=\"has-text-align-center\"><em><strong>Liberdade Pl\u00e1stica<\/strong><\/em>.<strong><em> <\/em>Arius e Mary Batiskaf. 1998<\/strong><\/p>\n\n\n\n<figure class=\"wp-block-video\"><video controls poster=\"https:\/\/www.portail-esclavage-reunion.fr\/wp-content\/uploads\/2021\/12\/poster_johary.jpg\" src=\"https:\/\/www.portail-esclavage-reunion.fr\/wp-content\/uploads\/2021\/12\/Johary_Ravaloson_ST_PT.mp4\"><\/video><\/figure>\n\n\n\n<div style=\"height:32px\" aria-hidden=\"true\" class=\"wp-block-spacer\"><\/div>\n\n\n\n<p class=\"has-text-align-center\"><strong><em>O processo do escravo Furcy,<\/em> Mohammed A\u00efssaoui, 2010<\/strong><\/p>\n\n\n\n<figure class=\"wp-block-video\"><video controls poster=\"https:\/\/www.portail-esclavage-reunion.fr\/wp-content\/uploads\/2019\/12\/poster_aissaoui.jpg\" src=\"https:\/\/www.portail-esclavage-reunion.fr\/wp-content\/uploads\/2021\/12\/Mohammed_Ai\u0308ssaoui_ST_PT.mp4\"><\/video><\/figure>\n\n\n\n<div style=\"height:33px\" aria-hidden=\"true\" class=\"wp-block-spacer\"><\/div>\n\n\n\n<p class=\"has-text-align-center\"><strong><em>O processo do escravo Furcy<\/em>, encenado por\u00a0Hassane Kassi Kouyat\u00e9 e Patrick Le Mauff, 2013<\/strong><\/p>\n\n\n\n<figure class=\"wp-block-video\"><video controls poster=\"https:\/\/www.portail-esclavage-reunion.fr\/wp-content\/uploads\/2019\/12\/poster_kouyate.jpg\" src=\"https:\/\/www.portail-esclavage-reunion.fr\/wp-content\/uploads\/2021\/12\/KOUYAT\u00c9_PT.mp4\"><\/video><\/figure>\n\n\n\n<div style=\"height:43px\" aria-hidden=\"true\" class=\"wp-block-spacer\"><\/div>\n\n\n\n<p class=\"has-text-align-center\"><strong><em>LorDeFurcy<\/em>, Kaf Malbar, 2014<\/strong><\/p>\n\n\n\n<figure class=\"wp-block-video\"><video controls poster=\"https:\/\/www.portail-esclavage-reunion.fr\/wp-content\/uploads\/2021\/12\/poster_kafmalbar.jpg\" src=\"https:\/\/www.portail-esclavage-reunion.fr\/wp-content\/uploads\/2021\/12\/Kaf-Malbar_PORTREMASTERED.mp4\"><\/video><\/figure>\n\n\n\n<div style=\"height:46px\" aria-hidden=\"true\" class=\"wp-block-spacer\"><\/div>\n\n\n\n<p class=\"has-text-align-center\"><strong><em>O processo do escravo Furcy<\/em>. Tiktak Production. 2015<\/strong><\/p>\n\n\n\n<figure class=\"wp-block-video\"><video controls poster=\"https:\/\/www.portail-esclavage-reunion.fr\/wp-content\/uploads\/2021\/12\/poster_medea.jpg\" src=\"https:\/\/www.portail-esclavage-reunion.fr\/wp-content\/uploads\/2021\/12\/MEDEA_ST_PT.mp4\"><\/video><\/figure>\n\n\n\n<div style=\"height:39px\" aria-hidden=\"true\" class=\"wp-block-spacer\"><\/div>\n\n\n\n<p class=\"has-text-align-center\"><strong><em>Fer6<\/em>. Texto de Francky Lauret ; interpretado por \u00c9rick Isana. 2016<\/strong><\/p>\n\n\n\n<figure class=\"wp-block-video\"><video controls poster=\"https:\/\/www.portail-esclavage-reunion.fr\/wp-content\/uploads\/2021\/12\/poster_isana_lauret.jpg\" src=\"https:\/\/www.portail-esclavage-reunion.fr\/wp-content\/uploads\/2021\/12\/Francky-Lauret-et-Erick-Isana_PORTREMASTERED.mp4\"><\/video><\/figure>\n\n\n\n<div style=\"height:30px\" aria-hidden=\"true\" class=\"wp-block-spacer\"><\/div>\n\n\n\n<p class=\"has-text-align-center\"><strong><em>Furcy<\/em>. Escultura realizada por Marco Ah-Kiem. 2018<\/strong><\/p>\n\n\n\n<figure class=\"wp-block-video\"><video controls poster=\"https:\/\/www.portail-esclavage-reunion.fr\/wp-content\/uploads\/2021\/12\/poster_ah-kiem.jpg\" src=\"https:\/\/www.portail-esclavage-reunion.fr\/wp-content\/uploads\/2021\/12\/Ah_Kiem_ST_PT.mp4\"><\/video><\/figure>\n","protected":false},"author":5,"featured_media":7077,"parent":0,"menu_order":0,"template":"","types-dossiers":[53],"class_list":["post-13004","dossier-documentaire","type-dossier-documentaire","status-publish","has-post-thumbnail","hentry","types-dossiers-video-pt-pt"],"acf":[],"_links":{"self":[{"href":"https:\/\/www.portail-esclavage-reunion.fr\/pt-pt\/wp-json\/wp\/v2\/dossier-documentaire\/13004","targetHints":{"allow":["GET"]}}],"collection":[{"href":"https:\/\/www.portail-esclavage-reunion.fr\/pt-pt\/wp-json\/wp\/v2\/dossier-documentaire"}],"about":[{"href":"https:\/\/www.portail-esclavage-reunion.fr\/pt-pt\/wp-json\/wp\/v2\/types\/dossier-documentaire"}],"author":[{"embeddable":true,"href":"https:\/\/www.portail-esclavage-reunion.fr\/pt-pt\/wp-json\/wp\/v2\/users\/5"}],"wp:featuredmedia":[{"embeddable":true,"href":"https:\/\/www.portail-esclavage-reunion.fr\/pt-pt\/wp-json\/wp\/v2\/media\/7077"}],"wp:attachment":[{"href":"https:\/\/www.portail-esclavage-reunion.fr\/pt-pt\/wp-json\/wp\/v2\/media?parent=13004"}],"wp:term":[{"taxonomy":"types-dossiers","embeddable":true,"href":"https:\/\/www.portail-esclavage-reunion.fr\/pt-pt\/wp-json\/wp\/v2\/types-dossiers?post=13004"}],"curies":[{"name":"wp","href":"https:\/\/api.w.org\/{rel}","templated":true}]}}