{"id":6695,"date":"2021-11-09T12:56:20","date_gmt":"2021-11-09T11:56:20","guid":{"rendered":"https:\/\/www.portail-esclavage-reunion.fr\/?post_type=lieu-de-memoire&#038;p=6695"},"modified":"2021-11-09T12:56:20","modified_gmt":"2021-11-09T11:56:20","slug":"famille-marronnecimendef-et-marianne","status":"publish","type":"lieu-de-memoire","link":"https:\/\/www.portail-esclavage-reunion.fr\/pt-pt\/lieux-de-memoire\/famille-marronnecimendef-et-marianne\/","title":{"rendered":"Famille marronne<br\/>Cimendef et Marianne"},"content":{"rendered":"<p>Localiza\u00e7\u00e3o: Saint-Denis &#8211; Barachois<br \/>\nArtista: Marco Ah-Kiem<br \/>\nEscultura &#8211; Pedra<\/p>\n<p>Cimendef \u00e9 um lend\u00e1rio escravo marron de Madag\u00e1scar. Uma vez livre, autodenominou-se Cimendef, um nome malgaxe (Tsi, n\u00e3o e Mandevi, escravo).<br \/>\nDe acordo com v\u00e1rias lendas, era um escravo rebelde que fugiu para viver livre com a sua companheira Marianne no interior da ilha. Instalou-se no circo de Mafate e fundou uma comunidade de <em>marrons<\/em>.<br \/>\nMortos por volta de 1752 pelo ca\u00e7ador de escravos Fran\u00e7ois Mussard, Cimendef e Marianne deixaram a sua marca na ilha: Cimendef, um cume que se eleva a 2228 m, separa os circos Salazie e Mafate e \u00e9 prolongado pela crista Marianne.<br \/>\nO escultor, Marco Ah-Khiem, representa este casal emblem\u00e1tico do <em>marronnage<\/em> de m\u00e3os dadas com duas crian\u00e7as, representa\u00e7\u00e3o simb\u00f3lica da unidade familiar recriada num territ\u00f3rio livre.<\/p>\n<p style=\"text-align: center;\"><img loading=\"lazy\" decoding=\"async\" class=\"alignnone size-full wp-image-2228\" src=\"https:\/\/www.portail-esclavage-reunion.fr\/wp-content\/uploads\/2019\/12\/IMG_7483b.jpg\" alt=\"\" width=\"650\" height=\"433\" srcset=\"https:\/\/www.portail-esclavage-reunion.fr\/wp-content\/uploads\/2019\/12\/IMG_7483b.jpg 650w, https:\/\/www.portail-esclavage-reunion.fr\/wp-content\/uploads\/2019\/12\/IMG_7483b-300x200.jpg 300w\" sizes=\"auto, (max-width: 650px) 100vw, 650px\" \/><\/p>\n<p style=\"text-align: center;\"><img loading=\"lazy\" decoding=\"async\" class=\"size-full wp-image-2226 aligncenter\" src=\"https:\/\/www.portail-esclavage-reunion.fr\/wp-content\/uploads\/2019\/12\/IMG_7500b.jpg\" alt=\"\" width=\"433\" height=\"650\" srcset=\"https:\/\/www.portail-esclavage-reunion.fr\/wp-content\/uploads\/2019\/12\/IMG_7500b.jpg 433w, https:\/\/www.portail-esclavage-reunion.fr\/wp-content\/uploads\/2019\/12\/IMG_7500b-200x300.jpg 200w\" sizes=\"auto, (max-width: 433px) 100vw, 433px\" \/><\/p>\n<p style=\"text-align: center;\"><img loading=\"lazy\" decoding=\"async\" class=\"alignnone size-full wp-image-2230\" src=\"https:\/\/www.portail-esclavage-reunion.fr\/wp-content\/uploads\/2019\/12\/IMG_7488b.jpg\" alt=\"\" width=\"650\" height=\"433\" srcset=\"https:\/\/www.portail-esclavage-reunion.fr\/wp-content\/uploads\/2019\/12\/IMG_7488b.jpg 650w, https:\/\/www.portail-esclavage-reunion.fr\/wp-content\/uploads\/2019\/12\/IMG_7488b-300x200.jpg 300w\" sizes=\"auto, (max-width: 650px) 100vw, 650px\" \/><\/p>\n<p>&nbsp;<\/p>\n<p>&nbsp;<\/p>\n","protected":false},"author":5,"featured_media":6697,"parent":0,"menu_order":0,"template":"","class_list":["post-6695","lieu-de-memoire","type-lieu-de-memoire","status-publish","has-post-thumbnail","hentry"],"acf":[],"_links":{"self":[{"href":"https:\/\/www.portail-esclavage-reunion.fr\/pt-pt\/wp-json\/wp\/v2\/lieu-de-memoire\/6695","targetHints":{"allow":["GET"]}}],"collection":[{"href":"https:\/\/www.portail-esclavage-reunion.fr\/pt-pt\/wp-json\/wp\/v2\/lieu-de-memoire"}],"about":[{"href":"https:\/\/www.portail-esclavage-reunion.fr\/pt-pt\/wp-json\/wp\/v2\/types\/lieu-de-memoire"}],"author":[{"embeddable":true,"href":"https:\/\/www.portail-esclavage-reunion.fr\/pt-pt\/wp-json\/wp\/v2\/users\/5"}],"wp:featuredmedia":[{"embeddable":true,"href":"https:\/\/www.portail-esclavage-reunion.fr\/pt-pt\/wp-json\/wp\/v2\/media\/6697"}],"wp:attachment":[{"href":"https:\/\/www.portail-esclavage-reunion.fr\/pt-pt\/wp-json\/wp\/v2\/media?parent=6695"}],"curies":[{"name":"wp","href":"https:\/\/api.w.org\/{rel}","templated":true}]}}