{"id":16071,"date":"2026-03-03T11:13:06","date_gmt":"2026-03-03T07:13:06","guid":{"rendered":"https:\/\/www.portail-esclavage-reunion.fr\/?post_type=documentaire&#038;p=16071"},"modified":"2026-03-04T15:03:07","modified_gmt":"2026-03-04T11:03:07","slug":"bann-landroi-la-memoir-lesklavaj-la-renyon","status":"publish","type":"documentaire","link":"https:\/\/www.portail-esclavage-reunion.fr\/re\/documentaires\/memoir-lesklavaj\/memoir\/bann-landroi-la-memoir-lesklavaj-la-renyon\/","title":{"rendered":"Bann landroi la m\u00e9moir l\u00e9sklavaj La R\u00e9nyon"},"content":{"rendered":"\n<p>Lan\u00e9 1998, po lo 150\u00e8m laniv\u00e8rs\u00e8r labolisyon l\u00e9sklavaj La R\u00e9nyon, lo Kons\u00e8y d\u00e9partmantal la-lanse in gran program komand artistik, an-lomaj bann z\u00e9sklav La R\u00e9nyon. Lid\u00e9 l\u00e9t\u00e9 dr\u00e8sse, dessi la totalit\u00e9 lo t\u00e9ritoir r\u00e9nyon\u00e9, in gran <strong><em>M\u00e9morial de l\u2019esclavage<\/em><\/strong> po bann j\u00e9n\u00e9rasyon jordi \u00e8k demin i oubliye pa zot zans\u00e8te.<\/p>\n\n\n\n<p>Konm proj\u00e9-la l\u00e9 f\u00e9 po d\u00fcre pl\u00fczi\u00e8r zan\u00e9, la-shoizi 5 sk\u00fclt\u00ebr r\u00e9nyon\u00e9 renom\u00e9, an-k\u00e8r \u00e8k la k\u00fcltir lokal : J<strong>ack BENG-THI, Gilbert CLAIN, Thierry FONTAINE, Alain PADEAU \u00e8k Eric PONGERARD<\/strong>. La-demande azot majine shakinn lo bann pi\u00e8sse po m\u00e9morial kol\u00e8ktif-la, t\u00e9 i doi m\u00e8te dan lo 24 kom\u00fcne, final-de-konte la-ar\u00e9t\u00e9 \u00e8k la livr\u00e9zon bann premi\u00e9 l\u00ebv la fin lan\u00e9 1998.<br>Depi \u00e7a, grace bann kom\u00fcne sinon\u00e7a bann lantante, d\u2019ot zartist konm <strong>Richard VILDEMAN, David IMAHO, Marco AH-KIEM<\/strong>\u2026 la-angaje azot dan lo trava\u00efy m\u00e9mori\u00e8l-la ke la-rante dann in ressansman.<\/p>\n\n\n\n<p>Lan\u00e9 2018, lo D\u00e9partman la-passe komande \u00e8k lo fotograf <strong>Ibrahim MULIN<\/strong> po tire foto lo bann l\u00ebv. Son bann foto l\u00e9 ramass\u00e9 dan la kol\u00e8ksyon M\u00fcz\u00e9 Vill\u00e8le, l\u00e9 p\u00fcbliy\u00e9 dessi int\u00e8rn\u00e8t.<\/p>\n\n\n\n<p>F\u00fcramezir toute bann kr\u00e9asyon-la k\u2019i ropr\u00e9zante shakinn in landroi la m\u00e9moir, la-organize bann nouvo l\u00e9spasse. Bann kom\u00fcne \u00e9pila demoun i vive dann lo bann karti\u00e9 ou\u00e7a lo bann l\u00ebv i l\u00e9, i garanti zot kons\u00e8rvasyon, zot valorizasyon.<\/p>\n","protected":false},"author":5,"featured_media":16072,"parent":8731,"menu_order":10,"template":"templates\/SP_LIEUX_DE_MEMOIRE.php","class_list":["post-16071","documentaire","type-documentaire","status-publish","has-post-thumbnail","hentry"],"acf":[],"_links":{"self":[{"href":"https:\/\/www.portail-esclavage-reunion.fr\/re\/wp-json\/wp\/v2\/documentaire\/16071","targetHints":{"allow":["GET"]}}],"collection":[{"href":"https:\/\/www.portail-esclavage-reunion.fr\/re\/wp-json\/wp\/v2\/documentaire"}],"about":[{"href":"https:\/\/www.portail-esclavage-reunion.fr\/re\/wp-json\/wp\/v2\/types\/documentaire"}],"author":[{"embeddable":true,"href":"https:\/\/www.portail-esclavage-reunion.fr\/re\/wp-json\/wp\/v2\/users\/5"}],"up":[{"embeddable":true,"href":"https:\/\/www.portail-esclavage-reunion.fr\/re\/wp-json\/wp\/v2\/documentaire\/8731"}],"wp:featuredmedia":[{"embeddable":true,"href":"https:\/\/www.portail-esclavage-reunion.fr\/re\/wp-json\/wp\/v2\/media\/16072"}],"wp:attachment":[{"href":"https:\/\/www.portail-esclavage-reunion.fr\/re\/wp-json\/wp\/v2\/media?parent=16071"}],"curies":[{"name":"wp","href":"https:\/\/api.w.org\/{rel}","templated":true}]}}