{"id":16097,"date":"2026-03-03T11:31:59","date_gmt":"2026-03-03T07:31:59","guid":{"rendered":"https:\/\/www.portail-esclavage-reunion.fr\/?post_type=lieu-de-memoire&#038;p=16097"},"modified":"2026-03-03T11:31:59","modified_gmt":"2026-03-03T07:31:59","slug":"lo-kan-dimitile","status":"publish","type":"lieu-de-memoire","link":"https:\/\/www.portail-esclavage-reunion.fr\/re\/lieux-de-memoire\/lo-kan-dimitile\/","title":{"rendered":"Lo kan Dimitile"},"content":{"rendered":"\n<p>Landroi : Lantre-Deu &#8211; Dimitile<br>Lan\u00e9 1998<br>Lartist : Louis Dijoux<br>Sk\u00fcltir<br>La rosh &#8211; de-boi<\/p>\n\n\n\n<p>Depi lan\u00e9 1998, lantante Kapit\u00e8n Dimitile la-ref\u00e9 in kan maron anl\u00e8r Dimitile. T\u00e8rla, in l\u00e9spozisyon p\u00e8rmanan i rakonte listoir l\u00e9sklavaj, sirtou \u00e7at lo maronaj. 6 p\u2019ti lajoupa an-boi i rap\u00e8le anou lo kan bann z\u00e9sklav maron. In mon\u00fcman i ropr\u00e9zante troi z\u00e9sklav maron s\u00e9l\u00e8b : lo kapit\u00e8n Dimitile, lo roi Lav\u00e8rd\u00fcr ansanm la r\u00e8ne Sarlav.<\/p>\n\n\n\n<figure class=\"wp-block-image\"><img loading=\"lazy\" decoding=\"async\" width=\"650\" height=\"433\" src=\"https:\/\/www.portail-esclavage-reunion.fr\/wp-content\/uploads\/2019\/12\/IMG_6867b.jpg\" alt=\"\" class=\"wp-image-2029\" srcset=\"https:\/\/www.portail-esclavage-reunion.fr\/wp-content\/uploads\/2019\/12\/IMG_6867b.jpg 650w, https:\/\/www.portail-esclavage-reunion.fr\/wp-content\/uploads\/2019\/12\/IMG_6867b-300x200.jpg 300w\" sizes=\"auto, (max-width: 650px) 100vw, 650px\" \/><\/figure>\n\n\n\n<p class=\"has-text-align-center\"><\/p>\n\n\n\n<figure class=\"wp-block-image\"><img loading=\"lazy\" decoding=\"async\" width=\"433\" height=\"650\" src=\"https:\/\/www.portail-esclavage-reunion.fr\/wp-content\/uploads\/2019\/12\/IMG_6865b.jpg\" alt=\"\" class=\"wp-image-2373\" srcset=\"https:\/\/www.portail-esclavage-reunion.fr\/wp-content\/uploads\/2019\/12\/IMG_6865b.jpg 433w, https:\/\/www.portail-esclavage-reunion.fr\/wp-content\/uploads\/2019\/12\/IMG_6865b-200x300.jpg 200w\" sizes=\"auto, (max-width: 433px) 100vw, 433px\" \/><\/figure>\n\n\n\n<p class=\"has-text-align-center\"><\/p>\n\n\n\n<figure class=\"wp-block-image\"><img loading=\"lazy\" decoding=\"async\" width=\"650\" height=\"433\" src=\"https:\/\/www.portail-esclavage-reunion.fr\/wp-content\/uploads\/2019\/12\/IMG_6871b.jpg\" alt=\"\" class=\"wp-image-2375\" srcset=\"https:\/\/www.portail-esclavage-reunion.fr\/wp-content\/uploads\/2019\/12\/IMG_6871b.jpg 650w, https:\/\/www.portail-esclavage-reunion.fr\/wp-content\/uploads\/2019\/12\/IMG_6871b-300x200.jpg 300w\" sizes=\"auto, (max-width: 650px) 100vw, 650px\" \/><\/figure>\n\n\n\n<p class=\"has-text-align-center\"><\/p>\n\n\n\n<figure class=\"wp-block-image\"><img loading=\"lazy\" decoding=\"async\" width=\"433\" height=\"650\" src=\"https:\/\/www.portail-esclavage-reunion.fr\/wp-content\/uploads\/2019\/12\/IMG_6895b.jpg\" alt=\"\" class=\"wp-image-2377\" srcset=\"https:\/\/www.portail-esclavage-reunion.fr\/wp-content\/uploads\/2019\/12\/IMG_6895b.jpg 433w, https:\/\/www.portail-esclavage-reunion.fr\/wp-content\/uploads\/2019\/12\/IMG_6895b-200x300.jpg 200w\" sizes=\"auto, (max-width: 433px) 100vw, 433px\" \/><\/figure>\n\n\n\n<p class=\"has-text-align-center\"><\/p>\n\n\n\n<figure class=\"wp-block-image\"><img loading=\"lazy\" decoding=\"async\" width=\"650\" height=\"433\" src=\"https:\/\/www.portail-esclavage-reunion.fr\/wp-content\/uploads\/2019\/12\/IMG_6911b.jpg\" alt=\"\" class=\"wp-image-2379\" srcset=\"https:\/\/www.portail-esclavage-reunion.fr\/wp-content\/uploads\/2019\/12\/IMG_6911b.jpg 650w, https:\/\/www.portail-esclavage-reunion.fr\/wp-content\/uploads\/2019\/12\/IMG_6911b-300x200.jpg 300w\" sizes=\"auto, (max-width: 650px) 100vw, 650px\" \/><\/figure>\n\n\n\n<p class=\"has-text-align-center\">\u00a0<\/p>\n","protected":false},"author":5,"featured_media":16099,"parent":0,"menu_order":0,"template":"","class_list":["post-16097","lieu-de-memoire","type-lieu-de-memoire","status-publish","has-post-thumbnail","hentry"],"acf":[],"_links":{"self":[{"href":"https:\/\/www.portail-esclavage-reunion.fr\/re\/wp-json\/wp\/v2\/lieu-de-memoire\/16097","targetHints":{"allow":["GET"]}}],"collection":[{"href":"https:\/\/www.portail-esclavage-reunion.fr\/re\/wp-json\/wp\/v2\/lieu-de-memoire"}],"about":[{"href":"https:\/\/www.portail-esclavage-reunion.fr\/re\/wp-json\/wp\/v2\/types\/lieu-de-memoire"}],"author":[{"embeddable":true,"href":"https:\/\/www.portail-esclavage-reunion.fr\/re\/wp-json\/wp\/v2\/users\/5"}],"wp:featuredmedia":[{"embeddable":true,"href":"https:\/\/www.portail-esclavage-reunion.fr\/re\/wp-json\/wp\/v2\/media\/16099"}],"wp:attachment":[{"href":"https:\/\/www.portail-esclavage-reunion.fr\/re\/wp-json\/wp\/v2\/media?parent=16097"}],"curies":[{"name":"wp","href":"https:\/\/api.w.org\/{rel}","templated":true}]}}