{"id":16111,"date":"2026-03-03T12:05:10","date_gmt":"2026-03-03T08:05:10","guid":{"rendered":"https:\/\/www.portail-esclavage-reunion.fr\/?post_type=lieu-de-memoire&#038;p=16111"},"modified":"2026-03-03T12:05:10","modified_gmt":"2026-03-03T08:05:10","slug":"lesklav-mario-ek-la-vierj-noir","status":"publish","type":"lieu-de-memoire","link":"https:\/\/www.portail-esclavage-reunion.fr\/re\/lieux-de-memoire\/lesklav-mario-ek-la-vierj-noir\/","title":{"rendered":"L\u00e9sklav Mario \u00e8k la Vi\u00e8rj noir"},"content":{"rendered":"\n<p>Landroi : Sinte-Mari<br>Lan\u00e9 2008<br>Lartist : Marco Ah-Kiem<br>Sk\u00fcltir<br>Bazalt<\/p>\n\n\n\n<p>In l\u00e9sklav maron, i ap\u00e8le Mario l\u00e9 ropr\u00e9zant\u00e9 deboute dovan lo pi\u00e9 la Vi\u00e8rj, son min droite rouv\u00e8r konm po s\u00fcpliye son fav\u00ebr.<br>Dapr\u00e9 la l\u00e9jann lokal, j\u00e8ne l\u00e9sklav-la t\u00e9 vand\u00fc in mov\u00e9 maitr\u2019. Forstan l\u00fc t\u00e9 maltr\u00e9t\u00e9, l\u00fc sava maron, l\u00fc porte ansanm l\u00fc lo pti l\u00e9stat\u00fc la Vi\u00e8rj, son promi\u00e9 maitr\u2019 lav\u00e9 done al\u00fc. L\u00fc trouve ref\u00fcje dann inn pti grote, landroi i ap\u00e8le la Vi\u00e8rj Noir.<br>In jour l\u00fc antande bann shass\u00ebr maron i arive. Konm l\u00fc la-poin lo tan d\u2019shap\u00e9, l\u00fc poze son pti l\u00e9stat\u00fc \u00e9pila l\u00fc di in pri\u00e8re, l\u00fc domande akorde al\u00fc prot\u00e8ksyon. Toud\u2019suite po toud\u2019suite bouginvil la-komanse pouss\u00e9, la-boushe lantr\u00e9 landroi t\u00e9 i prot\u00e8je al\u00fc, la-anp\u00e8she bann shass\u00ebr arive sanm l\u00fc.<\/p>\n\n\n\n<figure class=\"wp-block-image\"><img loading=\"lazy\" decoding=\"async\" width=\"650\" height=\"433\" src=\"https:\/\/www.portail-esclavage-reunion.fr\/wp-content\/uploads\/2019\/12\/IMG_3977b.jpg\" alt=\"\" class=\"wp-image-2082\" srcset=\"https:\/\/www.portail-esclavage-reunion.fr\/wp-content\/uploads\/2019\/12\/IMG_3977b.jpg 650w, https:\/\/www.portail-esclavage-reunion.fr\/wp-content\/uploads\/2019\/12\/IMG_3977b-300x200.jpg 300w\" sizes=\"auto, (max-width: 650px) 100vw, 650px\" \/><\/figure>\n\n\n\n<p class=\"has-text-align-center\"><\/p>\n\n\n\n<figure class=\"wp-block-image\"><img loading=\"lazy\" decoding=\"async\" width=\"433\" height=\"650\" src=\"https:\/\/www.portail-esclavage-reunion.fr\/wp-content\/uploads\/2019\/12\/IMG_3923b.jpg\" alt=\"\" class=\"wp-image-2369\" srcset=\"https:\/\/www.portail-esclavage-reunion.fr\/wp-content\/uploads\/2019\/12\/IMG_3923b.jpg 433w, https:\/\/www.portail-esclavage-reunion.fr\/wp-content\/uploads\/2019\/12\/IMG_3923b-200x300.jpg 200w\" sizes=\"auto, (max-width: 433px) 100vw, 433px\" \/><\/figure>\n\n\n\n<p class=\"has-text-align-center\"><\/p>\n\n\n\n<figure class=\"wp-block-image\"><a href=\"https:\/\/www.portail-esclavage-reunion.fr\/wp-content\/uploads\/2020\/11\/IMG_3984b.jpg\"><img loading=\"lazy\" decoding=\"async\" width=\"650\" height=\"433\" src=\"https:\/\/www.portail-esclavage-reunion.fr\/wp-content\/uploads\/2020\/11\/IMG_3984b.jpg\" alt=\"\" class=\"wp-image-3785\" srcset=\"https:\/\/www.portail-esclavage-reunion.fr\/wp-content\/uploads\/2020\/11\/IMG_3984b.jpg 650w, https:\/\/www.portail-esclavage-reunion.fr\/wp-content\/uploads\/2020\/11\/IMG_3984b-300x200.jpg 300w\" sizes=\"auto, (max-width: 650px) 100vw, 650px\" \/><\/a><\/figure>\n\n\n\n<p class=\"has-text-align-center\"><\/p>\n\n\n\n<figure class=\"wp-block-image\"><img loading=\"lazy\" decoding=\"async\" width=\"433\" height=\"650\" src=\"https:\/\/www.portail-esclavage-reunion.fr\/wp-content\/uploads\/2019\/12\/IMG_3947b.jpg\" alt=\"\" class=\"wp-image-2371\" srcset=\"https:\/\/www.portail-esclavage-reunion.fr\/wp-content\/uploads\/2019\/12\/IMG_3947b.jpg 433w, https:\/\/www.portail-esclavage-reunion.fr\/wp-content\/uploads\/2019\/12\/IMG_3947b-200x300.jpg 200w\" sizes=\"auto, (max-width: 433px) 100vw, 433px\" \/><\/figure>\n\n\n\n<p class=\"has-text-align-center\"><\/p>\n\n\n\n<figure class=\"wp-block-image\"><a href=\"https:\/\/www.portail-esclavage-reunion.fr\/wp-content\/uploads\/2020\/11\/IMG_3957b.jpg\"><img loading=\"lazy\" decoding=\"async\" width=\"650\" height=\"433\" src=\"https:\/\/www.portail-esclavage-reunion.fr\/wp-content\/uploads\/2020\/11\/IMG_3957b.jpg\" alt=\"\" class=\"wp-image-3787\" srcset=\"https:\/\/www.portail-esclavage-reunion.fr\/wp-content\/uploads\/2020\/11\/IMG_3957b.jpg 650w, https:\/\/www.portail-esclavage-reunion.fr\/wp-content\/uploads\/2020\/11\/IMG_3957b-300x200.jpg 300w\" sizes=\"auto, (max-width: 650px) 100vw, 650px\" \/><\/a><\/figure>\n\n\n\n<p class=\"has-text-align-center\">\u00a0<\/p>\n","protected":false},"author":5,"featured_media":16112,"parent":0,"menu_order":0,"template":"","class_list":["post-16111","lieu-de-memoire","type-lieu-de-memoire","status-publish","has-post-thumbnail","hentry"],"acf":[],"_links":{"self":[{"href":"https:\/\/www.portail-esclavage-reunion.fr\/re\/wp-json\/wp\/v2\/lieu-de-memoire\/16111","targetHints":{"allow":["GET"]}}],"collection":[{"href":"https:\/\/www.portail-esclavage-reunion.fr\/re\/wp-json\/wp\/v2\/lieu-de-memoire"}],"about":[{"href":"https:\/\/www.portail-esclavage-reunion.fr\/re\/wp-json\/wp\/v2\/types\/lieu-de-memoire"}],"author":[{"embeddable":true,"href":"https:\/\/www.portail-esclavage-reunion.fr\/re\/wp-json\/wp\/v2\/users\/5"}],"wp:featuredmedia":[{"embeddable":true,"href":"https:\/\/www.portail-esclavage-reunion.fr\/re\/wp-json\/wp\/v2\/media\/16112"}],"wp:attachment":[{"href":"https:\/\/www.portail-esclavage-reunion.fr\/re\/wp-json\/wp\/v2\/media?parent=16111"}],"curies":[{"name":"wp","href":"https:\/\/api.w.org\/{rel}","templated":true}]}}