{"id":16132,"date":"2026-03-03T15:17:08","date_gmt":"2026-03-03T11:17:08","guid":{"rendered":"https:\/\/www.portail-esclavage-reunion.fr\/?post_type=lieu-de-memoire&#038;p=16132"},"modified":"2026-03-03T15:17:08","modified_gmt":"2026-03-03T11:17:08","slug":"heva-ek-lo-zanfan","status":"publish","type":"lieu-de-memoire","link":"https:\/\/www.portail-esclavage-reunion.fr\/re\/lieux-de-memoire\/heva-ek-lo-zanfan\/","title":{"rendered":"H\u00e9va \u00e8k lo zanfan"},"content":{"rendered":"\n<p>Landroi : Salazi &#8211; Lo pon L\u00e9skali\u00e9<br>Lan\u00e9 1999<br>Linstalasyon rantr\u2019 2008-2009<br>Lartist : Gilbert Clain<br>Sk\u00fcltir<br>Bazalt<\/p>\n\n\n\n<p>L\u00e9stat\u00fc-la an-bazalt, i ropr\u00e9zante l\u00e9sklav H\u00e9va \u00e8k son zanfan dann bra. Sk\u00fcltir-la, in l\u00ebv lartist Gilbert Clain, l\u00e9 dr\u00e9ss\u00e9 par kot\u00e9 lo Pon L\u00e9skali\u00e9, dann lantr\u00e9 Salazi. Lo t\u00e9gorine lo gran sh\u00e8f maron l\u00e9 ropr\u00e9zant\u00e9 antrinn d\u2019shape \u00e8k son kondisyon l\u00e9sklav, \u00e8k son zanfan, dann sirk Salazi, anl\u00e8r la t\u00e8te in piton kaziman inaks\u00e9ssib, jordi i ap\u00e8le \u00ab Piton Anshin \u00bb.<\/p>\n\n\n\n<figure class=\"wp-block-image\"><img loading=\"lazy\" decoding=\"async\" width=\"433\" height=\"650\" src=\"https:\/\/www.portail-esclavage-reunion.fr\/wp-content\/uploads\/2019\/12\/IMG_4058b.jpg\" alt=\"\" class=\"wp-image-2363\" srcset=\"https:\/\/www.portail-esclavage-reunion.fr\/wp-content\/uploads\/2019\/12\/IMG_4058b.jpg 433w, https:\/\/www.portail-esclavage-reunion.fr\/wp-content\/uploads\/2019\/12\/IMG_4058b-200x300.jpg 200w\" sizes=\"auto, (max-width: 433px) 100vw, 433px\" \/><\/figure>\n\n\n\n<p class=\"has-text-align-center\"><\/p>\n\n\n\n<figure class=\"wp-block-image\"><a href=\"https:\/\/www.portail-esclavage-reunion.fr\/wp-content\/uploads\/2019\/12\/IMG_4107b.jpg\"><img loading=\"lazy\" decoding=\"async\" width=\"650\" height=\"433\" src=\"https:\/\/www.portail-esclavage-reunion.fr\/wp-content\/uploads\/2019\/12\/IMG_4107b.jpg\" alt=\"\" class=\"wp-image-4781\" srcset=\"https:\/\/www.portail-esclavage-reunion.fr\/wp-content\/uploads\/2019\/12\/IMG_4107b.jpg 650w, https:\/\/www.portail-esclavage-reunion.fr\/wp-content\/uploads\/2019\/12\/IMG_4107b-300x200.jpg 300w\" sizes=\"auto, (max-width: 650px) 100vw, 650px\" \/><\/a><\/figure>\n\n\n\n<p class=\"has-text-align-center\">\u00a0<\/p>\n","protected":false},"author":5,"featured_media":16133,"parent":0,"menu_order":0,"template":"","class_list":["post-16132","lieu-de-memoire","type-lieu-de-memoire","status-publish","has-post-thumbnail","hentry"],"acf":[],"_links":{"self":[{"href":"https:\/\/www.portail-esclavage-reunion.fr\/re\/wp-json\/wp\/v2\/lieu-de-memoire\/16132","targetHints":{"allow":["GET"]}}],"collection":[{"href":"https:\/\/www.portail-esclavage-reunion.fr\/re\/wp-json\/wp\/v2\/lieu-de-memoire"}],"about":[{"href":"https:\/\/www.portail-esclavage-reunion.fr\/re\/wp-json\/wp\/v2\/types\/lieu-de-memoire"}],"author":[{"embeddable":true,"href":"https:\/\/www.portail-esclavage-reunion.fr\/re\/wp-json\/wp\/v2\/users\/5"}],"wp:featuredmedia":[{"embeddable":true,"href":"https:\/\/www.portail-esclavage-reunion.fr\/re\/wp-json\/wp\/v2\/media\/16133"}],"wp:attachment":[{"href":"https:\/\/www.portail-esclavage-reunion.fr\/re\/wp-json\/wp\/v2\/media?parent=16132"}],"curies":[{"name":"wp","href":"https:\/\/api.w.org\/{rel}","templated":true}]}}