{"id":16147,"date":"2026-03-03T15:35:32","date_gmt":"2026-03-03T11:35:32","guid":{"rendered":"https:\/\/www.portail-esclavage-reunion.fr\/?post_type=lieu-de-memoire&#038;p=16147"},"modified":"2026-03-03T15:35:32","modified_gmt":"2026-03-03T11:35:32","slug":"simetier-lo-per-lafosse","status":"publish","type":"lieu-de-memoire","link":"https:\/\/www.portail-esclavage-reunion.fr\/re\/lieux-de-memoire\/simetier-lo-per-lafosse\/","title":{"rendered":"Sim\u00e9ti\u00e8r lo P\u00e8r Lafosse"},"content":{"rendered":"\n<p>Landroi : Sin-Lwi &#8211; Le Gol<br>Lan\u00e9 2009 (st\u00e8l bann z\u00e9sklav)<\/p>\n\n\n\n<p>Lo sim\u00ebti\u00e8r P\u00e8r Lafosse i ap\u00e8le ossi sim\u00e9ti\u00e8r bann zame p\u00e8rd\u00fc, l\u00e9t\u00e9 konstrui lan\u00e9 1729 l\u00e8rk nav\u00e9 in l\u00e9pid\u00e9mi la variol. La-ant\u00e8re anndan-la bann zabitan lo karti\u00e9, \u00e9pila in pak\u00e9 z\u00e9sklav, soman i trouve p\u00fc la trasse zot tonbe. Dann sim\u00e9ti\u00e8r Sin-Lwi n\u00e9na la tonbe lo P\u00e8r Lafosse lo k\u00fcr\u00e9 m\u00e8m-tan lo mair Sin-Lwi, in moun kon\u00fc po son langajman anti\u00e9sklavajist.<br>Bonp\u00e9 R\u00e9nyon\u00e9 i vien pri dessi sa tonbe.<\/p>\n\n\n\n<blockquote class=\"wp-block-quote is-layout-flow wp-block-quote-is-layout-flow\">\n<p>Lo 31 oktob 2009, la-inog\u00fcre inn st\u00e8l z\u00e9sklav ou\u00e7a l\u00e9 mark\u00e9 :<br>Des centaines de milliers d\u2019enfants, de femmes et d\u2019hommes ont \u00e9t\u00e9 arrach\u00e9s \u00e0 leur terre natale pour \u00eatre mis en esclavage sur cette \u00eele, de la fin du 17e si\u00e8cle jusqu\u2019\u00e0 l\u2019abolition de 1848. Le Code Noir les r\u00e9duisait \u00e0 l\u2019\u00e9tat de &#8220;biens meubles&#8221;. L&#8217;esclavage colonial les a priv\u00e9s de s\u00e9pulture et a effac\u00e9 toute trace de leur pr\u00e9sence. Tout \u00eatre humain a droit au souvenir. Par ce monument, nous r\u00e9parons cet oubli. Nous rendons hommage \u00e0 leur vie, \u00e0 leur courage et \u00e0 ce qu\u2019ils nous ont l\u00e9gu\u00e9.<\/p>\n<\/blockquote>\n\n\n\n<p>Lo m\u00fcr lo sim\u00ebti\u00e8r l\u00e9 d\u00e9kor\u00e9 \u00e8k in bann fr\u00e8sk i rakonte la vie bann z\u00e9sklav.<\/p>\n\n\n\n<figure class=\"wp-block-image\"><img loading=\"lazy\" decoding=\"async\" width=\"650\" height=\"433\" src=\"https:\/\/www.portail-esclavage-reunion.fr\/wp-content\/uploads\/2019\/12\/IMG_4367b.jpg\" alt=\"\" class=\"wp-image-2261\" srcset=\"https:\/\/www.portail-esclavage-reunion.fr\/wp-content\/uploads\/2019\/12\/IMG_4367b.jpg 650w, https:\/\/www.portail-esclavage-reunion.fr\/wp-content\/uploads\/2019\/12\/IMG_4367b-300x200.jpg 300w\" sizes=\"auto, (max-width: 650px) 100vw, 650px\" \/><\/figure>\n\n\n\n<p class=\"has-text-align-center\"><\/p>\n\n\n\n<figure class=\"wp-block-image\"><img loading=\"lazy\" decoding=\"async\" width=\"650\" height=\"433\" src=\"https:\/\/www.portail-esclavage-reunion.fr\/wp-content\/uploads\/2019\/12\/IMG_4380b.jpg\" alt=\"\" class=\"wp-image-2265\" srcset=\"https:\/\/www.portail-esclavage-reunion.fr\/wp-content\/uploads\/2019\/12\/IMG_4380b.jpg 650w, https:\/\/www.portail-esclavage-reunion.fr\/wp-content\/uploads\/2019\/12\/IMG_4380b-300x200.jpg 300w\" sizes=\"auto, (max-width: 650px) 100vw, 650px\" \/><\/figure>\n\n\n\n<p class=\"has-text-align-center\"><\/p>\n\n\n\n<figure class=\"wp-block-image\"><img loading=\"lazy\" decoding=\"async\" width=\"650\" height=\"433\" src=\"https:\/\/www.portail-esclavage-reunion.fr\/wp-content\/uploads\/2019\/12\/IMG_4373b.jpg\" alt=\"\" class=\"wp-image-2267\" srcset=\"https:\/\/www.portail-esclavage-reunion.fr\/wp-content\/uploads\/2019\/12\/IMG_4373b.jpg 650w, https:\/\/www.portail-esclavage-reunion.fr\/wp-content\/uploads\/2019\/12\/IMG_4373b-300x200.jpg 300w\" sizes=\"auto, (max-width: 650px) 100vw, 650px\" \/><\/figure>\n\n\n\n<p class=\"has-text-align-center\"><\/p>\n\n\n\n<figure class=\"wp-block-image\"><img loading=\"lazy\" decoding=\"async\" width=\"650\" height=\"433\" src=\"https:\/\/www.portail-esclavage-reunion.fr\/wp-content\/uploads\/2019\/12\/IMG_4372b.jpg\" alt=\"\" class=\"wp-image-2269\" srcset=\"https:\/\/www.portail-esclavage-reunion.fr\/wp-content\/uploads\/2019\/12\/IMG_4372b.jpg 650w, https:\/\/www.portail-esclavage-reunion.fr\/wp-content\/uploads\/2019\/12\/IMG_4372b-300x200.jpg 300w\" sizes=\"auto, (max-width: 650px) 100vw, 650px\" \/><\/figure>\n\n\n\n<p class=\"has-text-align-center\">\u00a0<\/p>\n","protected":false},"author":5,"featured_media":16148,"parent":0,"menu_order":0,"template":"","class_list":["post-16147","lieu-de-memoire","type-lieu-de-memoire","status-publish","has-post-thumbnail","hentry"],"acf":[],"_links":{"self":[{"href":"https:\/\/www.portail-esclavage-reunion.fr\/re\/wp-json\/wp\/v2\/lieu-de-memoire\/16147","targetHints":{"allow":["GET"]}}],"collection":[{"href":"https:\/\/www.portail-esclavage-reunion.fr\/re\/wp-json\/wp\/v2\/lieu-de-memoire"}],"about":[{"href":"https:\/\/www.portail-esclavage-reunion.fr\/re\/wp-json\/wp\/v2\/types\/lieu-de-memoire"}],"author":[{"embeddable":true,"href":"https:\/\/www.portail-esclavage-reunion.fr\/re\/wp-json\/wp\/v2\/users\/5"}],"wp:featuredmedia":[{"embeddable":true,"href":"https:\/\/www.portail-esclavage-reunion.fr\/re\/wp-json\/wp\/v2\/media\/16148"}],"wp:attachment":[{"href":"https:\/\/www.portail-esclavage-reunion.fr\/re\/wp-json\/wp\/v2\/media?parent=16147"}],"curies":[{"name":"wp","href":"https:\/\/api.w.org\/{rel}","templated":true}]}}