{"id":16216,"date":"2026-03-04T09:11:11","date_gmt":"2026-03-04T05:11:11","guid":{"rendered":"https:\/\/www.portail-esclavage-reunion.fr\/?post_type=lieu-de-memoire&#038;p=16216"},"modified":"2026-03-04T09:11:12","modified_gmt":"2026-03-04T05:11:12","slug":"monuman-an-lomaj-bann-zesklav-revolte-lane-1811","status":"publish","type":"lieu-de-memoire","link":"https:\/\/www.portail-esclavage-reunion.fr\/re\/lieux-de-memoire\/monuman-an-lomaj-bann-zesklav-revolte-lane-1811\/","title":{"rendered":"Mon\u00fcman an-lomaj bann z\u00e9sklav r\u00e9volt\u00e9 lan\u00e9 1811"},"content":{"rendered":"\n<p>Landroi : Sin-Leu &#8211; La plasse la M\u00e9ri<br>Lan\u00e9 2011<br>Lartist : Richard Vildeman<br>Sk\u00fcltir<br>La pi\u00e8r \u00e8k m\u00fcr masson\u00e9<\/p>\n\n\n\n<p>Inog\u00fcr\u00e9 lo 8 novanm 2011, lo mon\u00fcman i rande in lomaj bann z\u00e9sklav la r\u00e9volte Sin-Leu.<br>R\u00e9volte-la la-\u00e9spass\u00e9 rantr\u2019 lo 5- 8 novanm 1811, lo s\u00ebl gran r\u00e9volte po vr\u00e9man La R\u00e9nyon. Lat\u00e9 kraz\u00e9 par bann kolon. 15 r\u00e9volt\u00e9 lat\u00e9 d\u00e9kapit\u00e9 an-p\u00fcblik Sin-Leu, 2 Sin-Pi\u00e8r, 2 Sin-Benoi. L\u00e9 konm in m\u00fcr an-demi-ron ou\u00e7a lartis Richard Vildeman la-kr\u00ebze bann trou.<br>Anndan shak trou n\u00e9na in t\u00e8t, \u00e7at in l\u00e9sklav kondan\u00e9 a-mor apr\u00e9 la r\u00e9volte.<\/p>\n\n\n\n<p>Dessi inn plake n\u00e9na le nom bann z\u00e9sklav la-partissipe la r\u00e9volte, dessi l\u2019ot n\u00e9na in linskripsyon : \u00ab<em> \u00c0 la m\u00e9moire des esclaves qui ont pris part \u00e0 la r\u00e9volte du 08 novembre 2011 \u00e0 Saint-Leu. Vingt-cinq d\u2019entre eux furent condamn\u00e9s \u00e0 mort par la justice coloniale fran\u00e7aise en mars 1812. Deux cents ans apr\u00e8s, les R\u00e9unionnais se souviennent et rendent hommage \u00e0 tous les combattants de la libert\u00e9<\/em>. \u00bb<\/p>\n\n\n\n<figure class=\"wp-block-image\"><a href=\"https:\/\/www.portail-esclavage-reunion.fr\/wp-content\/uploads\/2019\/12\/IMG_4315b.jpg\"><img loading=\"lazy\" decoding=\"async\" width=\"650\" height=\"433\" src=\"https:\/\/www.portail-esclavage-reunion.fr\/wp-content\/uploads\/2019\/12\/IMG_4315b.jpg\" alt=\"\" class=\"wp-image-4769\" srcset=\"https:\/\/www.portail-esclavage-reunion.fr\/wp-content\/uploads\/2019\/12\/IMG_4315b.jpg 650w, https:\/\/www.portail-esclavage-reunion.fr\/wp-content\/uploads\/2019\/12\/IMG_4315b-300x200.jpg 300w\" sizes=\"auto, (max-width: 650px) 100vw, 650px\" \/><\/a><\/figure>\n\n\n\n<p class=\"has-text-align-center\"><\/p>\n\n\n\n<figure class=\"wp-block-image\"><a href=\"https:\/\/www.portail-esclavage-reunion.fr\/wp-content\/uploads\/2019\/12\/IMG_4318b.jpg\"><img loading=\"lazy\" decoding=\"async\" width=\"400\" height=\"600\" src=\"https:\/\/www.portail-esclavage-reunion.fr\/wp-content\/uploads\/2019\/12\/IMG_4318b.jpg\" alt=\"\" class=\"wp-image-4775\" srcset=\"https:\/\/www.portail-esclavage-reunion.fr\/wp-content\/uploads\/2019\/12\/IMG_4318b.jpg 400w, https:\/\/www.portail-esclavage-reunion.fr\/wp-content\/uploads\/2019\/12\/IMG_4318b-200x300.jpg 200w\" sizes=\"auto, (max-width: 400px) 100vw, 400px\" \/><\/a><\/figure>\n\n\n\n<p class=\"has-text-align-center\"><\/p>\n\n\n\n<figure class=\"wp-block-image\"><a href=\"https:\/\/www.portail-esclavage-reunion.fr\/wp-content\/uploads\/2019\/12\/IMG_4326b.jpg\"><img loading=\"lazy\" decoding=\"async\" width=\"650\" height=\"433\" src=\"https:\/\/www.portail-esclavage-reunion.fr\/wp-content\/uploads\/2019\/12\/IMG_4326b.jpg\" alt=\"\" class=\"wp-image-4771\" srcset=\"https:\/\/www.portail-esclavage-reunion.fr\/wp-content\/uploads\/2019\/12\/IMG_4326b.jpg 650w, https:\/\/www.portail-esclavage-reunion.fr\/wp-content\/uploads\/2019\/12\/IMG_4326b-300x200.jpg 300w\" sizes=\"auto, (max-width: 650px) 100vw, 650px\" \/><\/a><\/figure>\n\n\n\n<p class=\"has-text-align-center\"><\/p>\n\n\n\n<figure class=\"wp-block-image\"><a href=\"https:\/\/www.portail-esclavage-reunion.fr\/wp-content\/uploads\/2019\/12\/IMG_4346b.jpg\"><img loading=\"lazy\" decoding=\"async\" width=\"400\" height=\"600\" src=\"https:\/\/www.portail-esclavage-reunion.fr\/wp-content\/uploads\/2019\/12\/IMG_4346b.jpg\" alt=\"\" class=\"wp-image-4773\" srcset=\"https:\/\/www.portail-esclavage-reunion.fr\/wp-content\/uploads\/2019\/12\/IMG_4346b.jpg 400w, https:\/\/www.portail-esclavage-reunion.fr\/wp-content\/uploads\/2019\/12\/IMG_4346b-200x300.jpg 200w\" sizes=\"auto, (max-width: 400px) 100vw, 400px\" \/><\/a><\/figure>\n\n\n\n<p class=\"has-text-align-center\">\u00a0<\/p>\n","protected":false},"author":5,"featured_media":16217,"parent":0,"menu_order":0,"template":"","class_list":["post-16216","lieu-de-memoire","type-lieu-de-memoire","status-publish","has-post-thumbnail","hentry"],"acf":[],"_links":{"self":[{"href":"https:\/\/www.portail-esclavage-reunion.fr\/re\/wp-json\/wp\/v2\/lieu-de-memoire\/16216","targetHints":{"allow":["GET"]}}],"collection":[{"href":"https:\/\/www.portail-esclavage-reunion.fr\/re\/wp-json\/wp\/v2\/lieu-de-memoire"}],"about":[{"href":"https:\/\/www.portail-esclavage-reunion.fr\/re\/wp-json\/wp\/v2\/types\/lieu-de-memoire"}],"author":[{"embeddable":true,"href":"https:\/\/www.portail-esclavage-reunion.fr\/re\/wp-json\/wp\/v2\/users\/5"}],"wp:featuredmedia":[{"embeddable":true,"href":"https:\/\/www.portail-esclavage-reunion.fr\/re\/wp-json\/wp\/v2\/media\/16217"}],"wp:attachment":[{"href":"https:\/\/www.portail-esclavage-reunion.fr\/re\/wp-json\/wp\/v2\/media?parent=16216"}],"curies":[{"name":"wp","href":"https:\/\/api.w.org\/{rel}","templated":true}]}}