{"id":16235,"date":"2026-03-04T09:20:23","date_gmt":"2026-03-04T05:20:23","guid":{"rendered":"https:\/\/www.portail-esclavage-reunion.fr\/?post_type=lieu-de-memoire&#038;p=16235"},"modified":"2026-03-04T09:32:52","modified_gmt":"2026-03-04T05:32:52","slug":"libre","status":"publish","type":"lieu-de-memoire","link":"https:\/\/www.portail-esclavage-reunion.fr\/re\/lieux-de-memoire\/libre\/","title":{"rendered":"LIBRE"},"content":{"rendered":"\n<p>Landroi : Sin-Benoi &#8211; R\u00e9zidanse Fragrance<br>Lan\u00e9 2001<br>Lartist : Thierry Fontaine<br>Sk\u00fcltir<br>M\u00e9tal (lassi\u00e9 Corten)<\/p>\n\n\n\n<p>Lan\u00e9 1998, po lo 150\u00e8m laniv\u00e8rs\u00e8r labolisyon l\u00e9sklavaj, Thierry Fontaine la- r\u00e9alize m\u00e9morial-la. Inogur\u00e9 lo 20 d\u00e9ssanm 2001, l\u00fc l\u00e9 dann lantr\u00e9 la ville, par kot\u00e9 la rivi\u00e8r d\u00e9 Marsoin.<br>Lartist i kr\u00e9e in bann zimaj po porte m\u00e9ssaj, \u00e9pila ropr\u00e9zante lo 5 l\u00e8te lo mo \u00ab Libre \u00bb. Lartist la-grave, dessi son l\u00ebv an-lassi\u00e9 Corten, inn liste alfab\u00e9tik \u00e8k parla 200 nom z\u00e9sklav afranshi lo 20 m\u00e9 1948 La R\u00e9nyon. \u00c8k zot libert\u00e9 bann z\u00e9sklav, bononm konm madanm la-gaingne in nom patronimik.<br>Lartist i rande in lomaj po shak z\u00e9sklav, \u00e9pila l\u00fc ans\u00e8rve \u00e9ksepr\u00e9 lo mo \u00ab <em>Libre <\/em>\u00bb o-sing\u00fcli\u00e9. Lo mot-la l\u00e9 pa rienk in slogan r\u00e9p\u00fcblikin, l\u00fc amontre bien in lopozisyon dir\u00e8k \u00e8k l\u00e9sklavaj. M\u00e8m-tan l\u00fc rap\u00e8le la lib\u00e8rt\u00e9 i kons\u00e8rne toute demoun. Lartiste al\u00fc ossi i doi \u00e8te lib dann shomin son kr\u00e9asyon.<\/p>\n\n\n\n<figure class=\"wp-block-image\"><img decoding=\"async\" src=\"https:\/\/www.portail-esclavage-reunion.fr\/wp-content\/uploads\/2019\/07\/saint_benoit02.jpg\" alt=\"\" class=\"wp-image-929\"\/><\/figure>\n\n\n\n<p class=\"has-text-align-center\"><\/p>\n\n\n\n<figure class=\"wp-block-image\"><a href=\"https:\/\/www.portail-esclavage-reunion.fr\/wp-content\/uploads\/2020\/11\/IMG_4146b.jpg\"><img loading=\"lazy\" decoding=\"async\" width=\"650\" height=\"433\" src=\"https:\/\/www.portail-esclavage-reunion.fr\/wp-content\/uploads\/2020\/11\/IMG_4146b.jpg\" alt=\"\" class=\"wp-image-3823\" srcset=\"https:\/\/www.portail-esclavage-reunion.fr\/wp-content\/uploads\/2020\/11\/IMG_4146b.jpg 650w, https:\/\/www.portail-esclavage-reunion.fr\/wp-content\/uploads\/2020\/11\/IMG_4146b-300x200.jpg 300w\" sizes=\"auto, (max-width: 650px) 100vw, 650px\" \/><\/a><\/figure>\n\n\n\n<p class=\"has-text-align-center\"><\/p>\n\n\n\n<figure class=\"wp-block-image\"><a href=\"https:\/\/www.portail-esclavage-reunion.fr\/wp-content\/uploads\/2020\/11\/IMG_4203b.jpg\"><img loading=\"lazy\" decoding=\"async\" width=\"650\" height=\"433\" src=\"https:\/\/www.portail-esclavage-reunion.fr\/wp-content\/uploads\/2020\/11\/IMG_4203b.jpg\" alt=\"\" class=\"wp-image-3821\" srcset=\"https:\/\/www.portail-esclavage-reunion.fr\/wp-content\/uploads\/2020\/11\/IMG_4203b.jpg 650w, https:\/\/www.portail-esclavage-reunion.fr\/wp-content\/uploads\/2020\/11\/IMG_4203b-300x200.jpg 300w\" sizes=\"auto, (max-width: 650px) 100vw, 650px\" \/><\/a><\/figure>\n\n\n\n<p class=\"has-text-align-center\">\u00a0<\/p>\n","protected":false},"author":5,"featured_media":16237,"parent":0,"menu_order":0,"template":"","class_list":["post-16235","lieu-de-memoire","type-lieu-de-memoire","status-publish","has-post-thumbnail","hentry"],"acf":[],"_links":{"self":[{"href":"https:\/\/www.portail-esclavage-reunion.fr\/re\/wp-json\/wp\/v2\/lieu-de-memoire\/16235","targetHints":{"allow":["GET"]}}],"collection":[{"href":"https:\/\/www.portail-esclavage-reunion.fr\/re\/wp-json\/wp\/v2\/lieu-de-memoire"}],"about":[{"href":"https:\/\/www.portail-esclavage-reunion.fr\/re\/wp-json\/wp\/v2\/types\/lieu-de-memoire"}],"author":[{"embeddable":true,"href":"https:\/\/www.portail-esclavage-reunion.fr\/re\/wp-json\/wp\/v2\/users\/5"}],"wp:featuredmedia":[{"embeddable":true,"href":"https:\/\/www.portail-esclavage-reunion.fr\/re\/wp-json\/wp\/v2\/media\/16237"}],"wp:attachment":[{"href":"https:\/\/www.portail-esclavage-reunion.fr\/re\/wp-json\/wp\/v2\/media?parent=16235"}],"curies":[{"name":"wp","href":"https:\/\/api.w.org\/{rel}","templated":true}]}}